{"id":190,"date":"2025-06-01T15:02:58","date_gmt":"2025-06-01T13:02:58","guid":{"rendered":"http:\/\/ascla-ambialet.fr\/?page_id=190"},"modified":"2026-04-21T22:31:31","modified_gmt":"2026-04-21T20:31:31","slug":"agenda-2025-ascla-ambialet","status":"publish","type":"page","link":"https:\/\/ascla-ambialet.fr\/index.php\/agenda-2025-ascla-ambialet\/","title":{"rendered":"Agenda"},"content":{"rendered":"\t\t<div data-elementor-type=\"wp-page\" data-elementor-id=\"190\" class=\"elementor elementor-190\">\n\t\t\t\t<div class=\"elementor-element elementor-element-098ad3f e-flex e-con-boxed e-con e-parent\" data-id=\"098ad3f\" data-element_type=\"container\">\n\t\t\t\t\t<div class=\"e-con-inner\">\n\t\t\t\t<div class=\"elementor-element elementor-element-1e6163a elementor-widget elementor-widget-heading\" data-id=\"1e6163a\" data-element_type=\"widget\" data-widget_type=\"heading.default\">\n\t\t\t\t<div class=\"elementor-widget-container\">\n\t\t\t\t\t<h1 class=\"elementor-heading-title elementor-size-default\">Agenda ASCLA - Ambialet - 2026<\/h1>\t\t\t\t<\/div>\n\t\t\t\t<\/div>\n\t\t\t\t\t<\/div>\n\t\t\t\t<\/div>\n\t\t<div class=\"elementor-element elementor-element-1e353d6 e-flex e-con-boxed e-con e-parent\" data-id=\"1e353d6\" data-element_type=\"container\">\n\t\t\t\t\t<div class=\"e-con-inner\">\n\t\t\t\t<div class=\"elementor-element elementor-element-bcd367f elementor-widget elementor-widget-text-editor\" data-id=\"bcd367f\" data-element_type=\"widget\" data-widget_type=\"text-editor.default\">\n\t\t\t\t<div class=\"elementor-widget-container\">\n\t\t\t\t\t\t\t\t\t<p>L\u2019<strong data-start=\"1687\" data-end=\"1724\">Agenda 2026 de l\u2019ASCLA <\/strong>pr\u00e9sente tous les \u00e9v\u00e9nements organis\u00e9s <strong data-start=\"1687\" data-end=\"1724\">\u00e0 Ambialet<\/strong> dans le Tarn pour toute la famille.<\/p>\t\t\t\t\t\t\t\t<\/div>\n\t\t\t\t<\/div>\n\t\t\t\t\t<\/div>\n\t\t\t\t<\/div>\n\t\t<div class=\"elementor-element elementor-element-2c77dad e-flex e-con-boxed e-con e-parent\" data-id=\"2c77dad\" data-element_type=\"container\">\n\t\t\t\t\t<div class=\"e-con-inner\">\n\t\t<div class=\"elementor-element elementor-element-4553d9d e-con-full e-flex e-con e-child\" data-id=\"4553d9d\" data-element_type=\"container\">\n\t\t\t\t<div class=\"elementor-element elementor-element-c35f863 elementor-widget__width-initial elementor-widget elementor-widget-heading\" data-id=\"c35f863\" data-element_type=\"widget\" data-widget_type=\"heading.default\">\n\t\t\t\t<div class=\"elementor-widget-container\">\n\t\t\t\t\t<h4 class=\"elementor-heading-title elementor-size-default\">MARS 2026\n<\/h4>\t\t\t\t<\/div>\n\t\t\t\t<\/div>\n\t\t\t\t<\/div>\n\t\t<div class=\"elementor-element elementor-element-c38fa9b e-con-full e-flex e-con e-child\" data-id=\"c38fa9b\" data-element_type=\"container\">\n\t\t\t\t<div class=\"elementor-element elementor-element-1c0d1e3 elementor-widget elementor-widget-heading\" data-id=\"1c0d1e3\" data-element_type=\"widget\" data-widget_type=\"heading.default\">\n\t\t\t\t<div class=\"elementor-widget-container\">\n\t\t\t\t\t<h3 class=\"elementor-heading-title elementor-size-default\">Th\u00e9\u00e2tre \u00e0 Ambialet<\/h3>\t\t\t\t<\/div>\n\t\t\t\t<\/div>\n\t\t\t\t<div class=\"elementor-element elementor-element-08b9c74 elementor-widget elementor-widget-text-editor\" data-id=\"08b9c74\" data-element_type=\"widget\" data-widget_type=\"text-editor.default\">\n\t\t\t\t<div class=\"elementor-widget-container\">\n\t\t\t\t\t\t\t\t\t<div>Repr\u00e9sentation par la troupe\u00a0 \u00ab\u00a0Au pied lev\u00e9\u00a0\u00bb de l&rsquo;ASCLA.<\/div><div>\ud83d\udcc5 Samedi 28 mars 2026 &#8211; 20h30<\/div><div>\ud83d\udcc5 Dimanche 29 mars 2026 &#8211; 15h00<\/div><div>\ud83d\udccd Salle Polyvalente\u00a0<\/div><div><\/div><div>\ud83c\udf9f\ufe0f Entr\u00e9e : 6 \u20ac, moins de 12 ans : 3 \u20ac<\/div><p><a href=\"https:\/\/ascla-ambialet.fr\/index.php\/theatre\/\">\u00a0En savoir plus<\/a><\/p>\t\t\t\t\t\t\t\t<\/div>\n\t\t\t\t<\/div>\n\t\t\t\t<\/div>\n\t\t\t\t\t<\/div>\n\t\t\t\t<\/div>\n\t\t<div class=\"elementor-element elementor-element-d1a2ad7 e-con-full e-flex e-con e-parent\" data-id=\"d1a2ad7\" data-element_type=\"container\">\n\t\t<div class=\"elementor-element elementor-element-b111878 e-con-full e-flex e-con e-child\" data-id=\"b111878\" data-element_type=\"container\">\n\t\t\t\t<div class=\"elementor-element elementor-element-20df9b4 elementor-widget elementor-widget-heading\" data-id=\"20df9b4\" data-element_type=\"widget\" data-widget_type=\"heading.default\">\n\t\t\t\t<div class=\"elementor-widget-container\">\n\t\t\t\t\t<h4 class=\"elementor-heading-title elementor-size-default\">AVRIL 2026<\/h4>\t\t\t\t<\/div>\n\t\t\t\t<\/div>\n\t\t\t\t<\/div>\n\t\t<div class=\"elementor-element elementor-element-a9fa188 e-con-full e-flex e-con e-child\" data-id=\"a9fa188\" data-element_type=\"container\">\n\t\t\t\t<div class=\"elementor-element elementor-element-f58ee92 elementor-widget elementor-widget-heading\" data-id=\"f58ee92\" data-element_type=\"widget\" data-widget_type=\"heading.default\">\n\t\t\t\t<div class=\"elementor-widget-container\">\n\t\t\t\t\t<h3 class=\"elementor-heading-title elementor-size-default\">Ravitaillement du Marathon d'Albi (stands ASCLA)<\/h3>\t\t\t\t<\/div>\n\t\t\t\t<\/div>\n\t\t\t\t<div class=\"elementor-element elementor-element-6be7203 elementor-widget elementor-widget-text-editor\" data-id=\"6be7203\" data-element_type=\"widget\" data-widget_type=\"text-editor.default\">\n\t\t\t\t<div class=\"elementor-widget-container\">\n\t\t\t\t\t\t\t\t\t<p>2 stands de ravitaillement \u00e0 Fabas.<\/p><p>\ud83d\udcc5 Dimanche 26 avril 2025<\/p><p>\ud83d\udccd Salle Polyvalente &#8211; 8h15 ou sur site \u00e0 Fabas &#8211; 8h30<\/p>\t\t\t\t\t\t\t\t<\/div>\n\t\t\t\t<\/div>\n\t\t\t\t<\/div>\n\t\t\t\t<\/div>\n\t\t<div class=\"elementor-element elementor-element-a5ebccb e-flex e-con-boxed e-con e-parent\" data-id=\"a5ebccb\" data-element_type=\"container\">\n\t\t\t\t\t<div class=\"e-con-inner\">\n\t\t<div class=\"elementor-element elementor-element-d6ebbe9 e-con-full e-flex e-con e-child\" data-id=\"d6ebbe9\" data-element_type=\"container\">\n\t\t\t\t<div class=\"elementor-element elementor-element-11001d2 elementor-widget elementor-widget-heading\" data-id=\"11001d2\" data-element_type=\"widget\" data-widget_type=\"heading.default\">\n\t\t\t\t<div class=\"elementor-widget-container\">\n\t\t\t\t\t<h4 class=\"elementor-heading-title elementor-size-default\">ETE 2026<\/h4>\t\t\t\t<\/div>\n\t\t\t\t<\/div>\n\t\t\t\t<\/div>\n\t\t<div class=\"elementor-element elementor-element-ca453e1 e-con-full e-flex e-con e-child\" data-id=\"ca453e1\" data-element_type=\"container\">\n\t\t\t\t<div class=\"elementor-element elementor-element-4ba39cc elementor-widget elementor-widget-heading\" data-id=\"4ba39cc\" data-element_type=\"widget\" data-widget_type=\"heading.default\">\n\t\t\t\t<div class=\"elementor-widget-container\">\n\t\t\t\t\t<h3 class=\"elementor-heading-title elementor-size-default\">Son et Lumi\u00e8re d'Ambialet<\/h3>\t\t\t\t<\/div>\n\t\t\t\t<\/div>\n\t\t\t\t<div class=\"elementor-element elementor-element-26ccfc5 elementor-widget elementor-widget-text-editor\" data-id=\"26ccfc5\" data-element_type=\"widget\" data-widget_type=\"text-editor.default\">\n\t\t\t\t<div class=\"elementor-widget-container\">\n\t\t\t\t\t\t\t\t\t<p>\ud83d\udcc5 Juillet\u00a0 &amp; Ao\u00fbt 2026 &#8211; \u00e0 partir de 22h00<\/p><p>\ud83d\udccd Mairie d&rsquo;Ambialet &#8211; borne interactive\u00a0<\/p><p>\ud83c\udf9f\ufe0f Spectacle gratuit<\/p><p><a href=\"https:\/\/ascla-ambialet.fr\/index.php\/son-et-lumiere\/\">\u00a0En savoir plus<\/a><\/p>\t\t\t\t\t\t\t\t<\/div>\n\t\t\t\t<\/div>\n\t\t\t\t<\/div>\n\t\t\t\t\t<\/div>\n\t\t\t\t<\/div>\n\t\t<div class=\"elementor-element elementor-element-f923641 e-flex e-con-boxed e-con e-parent\" data-id=\"f923641\" data-element_type=\"container\">\n\t\t\t\t\t<div class=\"e-con-inner\">\n\t\t<div class=\"elementor-element elementor-element-5f6a302 e-con-full e-flex e-con e-child\" data-id=\"5f6a302\" data-element_type=\"container\">\n\t\t\t\t<div class=\"elementor-element elementor-element-5c2a230 elementor-widget elementor-widget-heading\" data-id=\"5c2a230\" data-element_type=\"widget\" data-widget_type=\"heading.default\">\n\t\t\t\t<div class=\"elementor-widget-container\">\n\t\t\t\t\t<h4 class=\"elementor-heading-title elementor-size-default\">SEPT 2026<\/h4>\t\t\t\t<\/div>\n\t\t\t\t<\/div>\n\t\t\t\t<\/div>\n\t\t<div class=\"elementor-element elementor-element-b10eb6f e-con-full e-flex e-con e-child\" data-id=\"b10eb6f\" data-element_type=\"container\">\n\t\t\t\t<div class=\"elementor-element elementor-element-d51f84d elementor-widget elementor-widget-heading\" data-id=\"d51f84d\" data-element_type=\"widget\" data-widget_type=\"heading.default\">\n\t\t\t\t<div class=\"elementor-widget-container\">\n\t\t\t\t\t<h3 class=\"elementor-heading-title elementor-size-default\">Journ\u00e9e du Patrimoine \u00e0 Ambialet<\/h3>\t\t\t\t<\/div>\n\t\t\t\t<\/div>\n\t\t\t\t<div class=\"elementor-element elementor-element-4edf250 elementor-widget elementor-widget-text-editor\" data-id=\"4edf250\" data-element_type=\"widget\" data-widget_type=\"text-editor.default\">\n\t\t\t\t<div class=\"elementor-widget-container\">\n\t\t\t\t\t\t\t\t\t<p>Visite guid\u00e9e costum\u00e9e du site<\/p><p>m\u00e9di\u00e9val du Roc Saint Jean.<\/p><p><img decoding=\"async\" draggable=\"false\" role=\"img\" class=\"emoji\" alt=\"\ud83d\udcc5\" src=\"https:\/\/s.w.org\/images\/core\/emoji\/17.0.2\/svg\/1f4c5.svg\" \/> Dimanche 19 septembre 2026<\/p><p>visites \u00e0 14h00, 15h00 et 16h00<\/p><p><img decoding=\"async\" draggable=\"false\" role=\"img\" class=\"emoji\" alt=\"\ud83d\udccd\" src=\"https:\/\/s.w.org\/images\/core\/emoji\/17.0.2\/svg\/1f4cd.svg\" \/> \u00c9glise Saint-Gilles d&rsquo;Ambialet<\/p><p><a href=\"https:\/\/ascla-ambialet.fr\/index.php\/journees-du-patrimoine\/\">\u00a0En savoir plus<\/a><\/p><div><\/div><div><\/div>\t\t\t\t\t\t\t\t<\/div>\n\t\t\t\t<\/div>\n\t\t\t\t<\/div>\n\t\t\t\t\t<\/div>\n\t\t\t\t<\/div>\n\t\t<div class=\"elementor-element elementor-element-a564f7c e-flex e-con-boxed e-con e-parent\" data-id=\"a564f7c\" data-element_type=\"container\">\n\t\t\t\t\t<div class=\"e-con-inner\">\n\t\t\t\t<div class=\"elementor-element elementor-element-b757167 elementor-widget elementor-widget-heading\" data-id=\"b757167\" data-element_type=\"widget\" data-widget_type=\"heading.default\">\n\t\t\t\t<div class=\"elementor-widget-container\">\n\t\t\t\t\t<h2 class=\"elementor-heading-title elementor-size-default\">D\u00e9couvrir Ambialet et son patrimoine<\/h2>\t\t\t\t<\/div>\n\t\t\t\t<\/div>\n\t\t\t\t\t<\/div>\n\t\t\t\t<\/div>\n\t\t<div class=\"elementor-element elementor-element-36b0828 e-flex e-con-boxed e-con e-parent\" data-id=\"36b0828\" data-element_type=\"container\">\n\t\t\t\t\t<div class=\"e-con-inner\">\n\t\t\t\t<div class=\"elementor-element elementor-element-ce7b979 elementor-widget elementor-widget-text-editor\" data-id=\"ce7b979\" data-element_type=\"widget\" data-widget_type=\"text-editor.default\">\n\t\t\t\t<div class=\"elementor-widget-container\">\n\t\t\t\t\t\t\t\t\t<p>Pour d\u00e9couvrir le patrimoine, les activit\u00e9s et les h\u00e9bergements \u00e0 Ambialet et dans le Tarn, consultez le site de <a href=\"https:\/\/www.tourisme-tarn.com\">l\u2019Office de Tourisme du Tarn<\/a>\u00a0 <span style=\"color: #000000;\">et le <\/span><span style=\"color: #000000;\">site de la<\/span> <a href=\"https:\/\/www.cc-monts-alban.fr\">Communaut\u00e9 de Communes du Monts d\u2019Alban (CCMA)<span aria-hidden=\"true\" class=\"ms-0.5 inline-block align-middle leading-none\"><svg width=\"20\" height=\"20\" viewbox=\"0 0 20 20\" fill=\"currentColor\" xmlns=\"http:\/\/www.w3.org\/2000\/svg\" data-rtl-flip=\"\" class=\"block h-[0.75em] w-[0.75em] stroke-current stroke-[0.75]\"><\/svg><\/span><\/a><\/p>\t\t\t\t\t\t\t\t<\/div>\n\t\t\t\t<\/div>\n\t\t\t\t\t<\/div>\n\t\t\t\t<\/div>\n\t\t\t\t<\/div>\n\t\t","protected":false},"excerpt":{"rendered":"<p>Agenda ASCLA &#8211; Ambialet &#8211; 2026 L\u2019Agenda 2026 de l\u2019ASCLA pr\u00e9sente tous les \u00e9v\u00e9nements organis\u00e9s \u00e0 Ambialet dans le Tarn pour toute la famille. MARS 2026 Th\u00e9\u00e2tre \u00e0 Ambialet Repr\u00e9sentation par la troupe\u00a0 \u00ab\u00a0Au pied lev\u00e9\u00a0\u00bb de l&rsquo;ASCLA.\ud83d\udcc5 Samedi 28 mars 2026 &#8211; 20h30\ud83d\udcc5 Dimanche 29 mars 2026 &#8211; 15h00\ud83d\udccd [&hellip;]<\/p>\n","protected":false},"author":1,"featured_media":0,"parent":0,"menu_order":0,"comment_status":"closed","ping_status":"closed","template":"","meta":{"footnotes":""},"class_list":["post-190","page","type-page","status-publish","hentry"],"yoast_head":"<!-- This site is optimized with the Yoast SEO plugin v26.1.1 - https:\/\/yoast.com\/wordpress\/plugins\/seo\/ -->\n<title>Agenda - ASCLA<\/title>\n<meta name=\"description\" content=\"D\u00e9couvrez l\u2019agenda 2025 de l\u2019ASCLA \u00e0 Ambialet : concerts, expositions, randonn\u00e9es, th\u00e9\u00e2tre et \u00e9v\u00e9nements culturels pour toute la famille.\" \/>\n<meta name=\"robots\" content=\"index, follow, max-snippet:-1, max-image-preview:large, max-video-preview:-1\" \/>\n<link rel=\"canonical\" href=\"https:\/\/ascla-ambialet.fr\/index.php\/agenda-2025-ascla-ambialet\/\" \/>\n<meta property=\"og:locale\" content=\"fr_FR\" \/>\n<meta property=\"og:type\" content=\"article\" \/>\n<meta property=\"og:title\" content=\"Agenda - ASCLA\" \/>\n<meta property=\"og:description\" content=\"D\u00e9couvrez l\u2019agenda 2025 de l\u2019ASCLA \u00e0 Ambialet : concerts, expositions, randonn\u00e9es, th\u00e9\u00e2tre et \u00e9v\u00e9nements culturels pour toute la famille.\" \/>\n<meta property=\"og:url\" content=\"https:\/\/ascla-ambialet.fr\/index.php\/agenda-2025-ascla-ambialet\/\" \/>\n<meta property=\"og:site_name\" content=\"ASCLA\" \/>\n<meta property=\"article:modified_time\" content=\"2026-04-21T20:31:31+00:00\" \/>\n<meta property=\"og:image\" content=\"https:\/\/s.w.org\/images\/core\/emoji\/17.0.2\/svg\/1f4c5.svg\" \/>\n<meta name=\"twitter:card\" content=\"summary_large_image\" \/>\n<meta name=\"twitter:label1\" content=\"Dur\u00e9e de lecture estim\u00e9e\" \/>\n\t<meta name=\"twitter:data1\" content=\"4 minutes\" \/>\n<script type=\"application\/ld+json\" class=\"yoast-schema-graph\">{\"@context\":\"https:\/\/schema.org\",\"@graph\":[{\"@type\":\"WebPage\",\"@id\":\"https:\/\/ascla-ambialet.fr\/index.php\/agenda-2025-ascla-ambialet\/\",\"url\":\"https:\/\/ascla-ambialet.fr\/index.php\/agenda-2025-ascla-ambialet\/\",\"name\":\"Agenda - ASCLA\",\"isPartOf\":{\"@id\":\"https:\/\/ascla-ambialet.fr\/#website\"},\"primaryImageOfPage\":{\"@id\":\"https:\/\/ascla-ambialet.fr\/index.php\/agenda-2025-ascla-ambialet\/#primaryimage\"},\"image\":{\"@id\":\"https:\/\/ascla-ambialet.fr\/index.php\/agenda-2025-ascla-ambialet\/#primaryimage\"},\"thumbnailUrl\":\"https:\/\/s.w.org\/images\/core\/emoji\/17.0.2\/svg\/1f4c5.svg\",\"datePublished\":\"2025-06-01T13:02:58+00:00\",\"dateModified\":\"2026-04-21T20:31:31+00:00\",\"description\":\"D\u00e9couvrez l\u2019agenda 2025 de l\u2019ASCLA \u00e0 Ambialet : concerts, expositions, randonn\u00e9es, th\u00e9\u00e2tre et \u00e9v\u00e9nements culturels pour toute la famille.\",\"breadcrumb\":{\"@id\":\"https:\/\/ascla-ambialet.fr\/index.php\/agenda-2025-ascla-ambialet\/#breadcrumb\"},\"inLanguage\":\"fr-FR\",\"potentialAction\":[{\"@type\":\"ReadAction\",\"target\":[\"https:\/\/ascla-ambialet.fr\/index.php\/agenda-2025-ascla-ambialet\/\"]}]},{\"@type\":\"ImageObject\",\"inLanguage\":\"fr-FR\",\"@id\":\"https:\/\/ascla-ambialet.fr\/index.php\/agenda-2025-ascla-ambialet\/#primaryimage\",\"url\":\"https:\/\/s.w.org\/images\/core\/emoji\/17.0.2\/svg\/1f4c5.svg\",\"contentUrl\":\"https:\/\/s.w.org\/images\/core\/emoji\/17.0.2\/svg\/1f4c5.svg\"},{\"@type\":\"BreadcrumbList\",\"@id\":\"https:\/\/ascla-ambialet.fr\/index.php\/agenda-2025-ascla-ambialet\/#breadcrumb\",\"itemListElement\":[{\"@type\":\"ListItem\",\"position\":1,\"name\":\"Accueil\",\"item\":\"https:\/\/ascla-ambialet.fr\/\"},{\"@type\":\"ListItem\",\"position\":2,\"name\":\"Agenda\"}]},{\"@type\":\"WebSite\",\"@id\":\"https:\/\/ascla-ambialet.fr\/#website\",\"url\":\"https:\/\/ascla-ambialet.fr\/\",\"name\":\"ASCLA\",\"description\":\"\",\"publisher\":{\"@id\":\"https:\/\/ascla-ambialet.fr\/#organization\"},\"potentialAction\":[{\"@type\":\"SearchAction\",\"target\":{\"@type\":\"EntryPoint\",\"urlTemplate\":\"https:\/\/ascla-ambialet.fr\/?s={search_term_string}\"},\"query-input\":{\"@type\":\"PropertyValueSpecification\",\"valueRequired\":true,\"valueName\":\"search_term_string\"}}],\"inLanguage\":\"fr-FR\"},{\"@type\":\"Organization\",\"@id\":\"https:\/\/ascla-ambialet.fr\/#organization\",\"name\":\"ASCLA\",\"url\":\"https:\/\/ascla-ambialet.fr\/\",\"logo\":{\"@type\":\"ImageObject\",\"inLanguage\":\"fr-FR\",\"@id\":\"https:\/\/ascla-ambialet.fr\/#\/schema\/logo\/image\/\",\"url\":\"https:\/\/ascla-ambialet.fr\/wp-content\/uploads\/2025\/05\/Design-sans-titre11.png\",\"contentUrl\":\"https:\/\/ascla-ambialet.fr\/wp-content\/uploads\/2025\/05\/Design-sans-titre11.png\",\"width\":800,\"height\":800,\"caption\":\"ASCLA\"},\"image\":{\"@id\":\"https:\/\/ascla-ambialet.fr\/#\/schema\/logo\/image\/\"}}]}<\/script>\n<!-- \/ Yoast SEO plugin. -->","yoast_head_json":{"title":"Agenda - ASCLA","description":"D\u00e9couvrez l\u2019agenda 2025 de l\u2019ASCLA \u00e0 Ambialet : concerts, expositions, randonn\u00e9es, th\u00e9\u00e2tre et \u00e9v\u00e9nements culturels pour toute la famille.","robots":{"index":"index","follow":"follow","max-snippet":"max-snippet:-1","max-image-preview":"max-image-preview:large","max-video-preview":"max-video-preview:-1"},"canonical":"https:\/\/ascla-ambialet.fr\/index.php\/agenda-2025-ascla-ambialet\/","og_locale":"fr_FR","og_type":"article","og_title":"Agenda - ASCLA","og_description":"D\u00e9couvrez l\u2019agenda 2025 de l\u2019ASCLA \u00e0 Ambialet : concerts, expositions, randonn\u00e9es, th\u00e9\u00e2tre et \u00e9v\u00e9nements culturels pour toute la famille.","og_url":"https:\/\/ascla-ambialet.fr\/index.php\/agenda-2025-ascla-ambialet\/","og_site_name":"ASCLA","article_modified_time":"2026-04-21T20:31:31+00:00","og_image":[{"url":"https:\/\/s.w.org\/images\/core\/emoji\/17.0.2\/svg\/1f4c5.svg","type":"","width":"","height":""}],"twitter_card":"summary_large_image","twitter_misc":{"Dur\u00e9e de lecture estim\u00e9e":"4 minutes"},"schema":{"@context":"https:\/\/schema.org","@graph":[{"@type":"WebPage","@id":"https:\/\/ascla-ambialet.fr\/index.php\/agenda-2025-ascla-ambialet\/","url":"https:\/\/ascla-ambialet.fr\/index.php\/agenda-2025-ascla-ambialet\/","name":"Agenda - ASCLA","isPartOf":{"@id":"https:\/\/ascla-ambialet.fr\/#website"},"primaryImageOfPage":{"@id":"https:\/\/ascla-ambialet.fr\/index.php\/agenda-2025-ascla-ambialet\/#primaryimage"},"image":{"@id":"https:\/\/ascla-ambialet.fr\/index.php\/agenda-2025-ascla-ambialet\/#primaryimage"},"thumbnailUrl":"https:\/\/s.w.org\/images\/core\/emoji\/17.0.2\/svg\/1f4c5.svg","datePublished":"2025-06-01T13:02:58+00:00","dateModified":"2026-04-21T20:31:31+00:00","description":"D\u00e9couvrez l\u2019agenda 2025 de l\u2019ASCLA \u00e0 Ambialet : concerts, expositions, randonn\u00e9es, th\u00e9\u00e2tre et \u00e9v\u00e9nements culturels pour toute la famille.","breadcrumb":{"@id":"https:\/\/ascla-ambialet.fr\/index.php\/agenda-2025-ascla-ambialet\/#breadcrumb"},"inLanguage":"fr-FR","potentialAction":[{"@type":"ReadAction","target":["https:\/\/ascla-ambialet.fr\/index.php\/agenda-2025-ascla-ambialet\/"]}]},{"@type":"ImageObject","inLanguage":"fr-FR","@id":"https:\/\/ascla-ambialet.fr\/index.php\/agenda-2025-ascla-ambialet\/#primaryimage","url":"https:\/\/s.w.org\/images\/core\/emoji\/17.0.2\/svg\/1f4c5.svg","contentUrl":"https:\/\/s.w.org\/images\/core\/emoji\/17.0.2\/svg\/1f4c5.svg"},{"@type":"BreadcrumbList","@id":"https:\/\/ascla-ambialet.fr\/index.php\/agenda-2025-ascla-ambialet\/#breadcrumb","itemListElement":[{"@type":"ListItem","position":1,"name":"Accueil","item":"https:\/\/ascla-ambialet.fr\/"},{"@type":"ListItem","position":2,"name":"Agenda"}]},{"@type":"WebSite","@id":"https:\/\/ascla-ambialet.fr\/#website","url":"https:\/\/ascla-ambialet.fr\/","name":"ASCLA","description":"","publisher":{"@id":"https:\/\/ascla-ambialet.fr\/#organization"},"potentialAction":[{"@type":"SearchAction","target":{"@type":"EntryPoint","urlTemplate":"https:\/\/ascla-ambialet.fr\/?s={search_term_string}"},"query-input":{"@type":"PropertyValueSpecification","valueRequired":true,"valueName":"search_term_string"}}],"inLanguage":"fr-FR"},{"@type":"Organization","@id":"https:\/\/ascla-ambialet.fr\/#organization","name":"ASCLA","url":"https:\/\/ascla-ambialet.fr\/","logo":{"@type":"ImageObject","inLanguage":"fr-FR","@id":"https:\/\/ascla-ambialet.fr\/#\/schema\/logo\/image\/","url":"https:\/\/ascla-ambialet.fr\/wp-content\/uploads\/2025\/05\/Design-sans-titre11.png","contentUrl":"https:\/\/ascla-ambialet.fr\/wp-content\/uploads\/2025\/05\/Design-sans-titre11.png","width":800,"height":800,"caption":"ASCLA"},"image":{"@id":"https:\/\/ascla-ambialet.fr\/#\/schema\/logo\/image\/"}}]}},"_links":{"self":[{"href":"https:\/\/ascla-ambialet.fr\/index.php\/wp-json\/wp\/v2\/pages\/190","targetHints":{"allow":["GET"]}}],"collection":[{"href":"https:\/\/ascla-ambialet.fr\/index.php\/wp-json\/wp\/v2\/pages"}],"about":[{"href":"https:\/\/ascla-ambialet.fr\/index.php\/wp-json\/wp\/v2\/types\/page"}],"author":[{"embeddable":true,"href":"https:\/\/ascla-ambialet.fr\/index.php\/wp-json\/wp\/v2\/users\/1"}],"replies":[{"embeddable":true,"href":"https:\/\/ascla-ambialet.fr\/index.php\/wp-json\/wp\/v2\/comments?post=190"}],"version-history":[{"count":123,"href":"https:\/\/ascla-ambialet.fr\/index.php\/wp-json\/wp\/v2\/pages\/190\/revisions"}],"predecessor-version":[{"id":1376,"href":"https:\/\/ascla-ambialet.fr\/index.php\/wp-json\/wp\/v2\/pages\/190\/revisions\/1376"}],"wp:attachment":[{"href":"https:\/\/ascla-ambialet.fr\/index.php\/wp-json\/wp\/v2\/media?parent=190"}],"curies":[{"name":"wp","href":"https:\/\/api.w.org\/{rel}","templated":true}]}}