{"id":85,"date":"2025-05-27T12:47:41","date_gmt":"2025-05-27T10:47:41","guid":{"rendered":"http:\/\/ascla-ambialet.fr\/?page_id=85"},"modified":"2026-03-30T21:42:45","modified_gmt":"2026-03-30T19:42:45","slug":"journees-du-patrimoine","status":"publish","type":"page","link":"https:\/\/ascla-ambialet.fr\/index.php\/journees-du-patrimoine\/","title":{"rendered":"Journ\u00e9es du patrimoine"},"content":{"rendered":"\t\t<div data-elementor-type=\"wp-page\" data-elementor-id=\"85\" class=\"elementor elementor-85\">\n\t\t\t\t<div class=\"elementor-element elementor-element-bae87dc e-flex e-con-boxed e-con e-parent\" data-id=\"bae87dc\" data-element_type=\"container\">\n\t\t\t\t\t<div class=\"e-con-inner\">\n\t\t\t\t<div class=\"elementor-element elementor-element-fdcb0ab elementor-widget elementor-widget-spacer\" data-id=\"fdcb0ab\" data-element_type=\"widget\" data-widget_type=\"spacer.default\">\n\t\t\t\t<div class=\"elementor-widget-container\">\n\t\t\t\t\t\t\t<div class=\"elementor-spacer\">\n\t\t\t<div class=\"elementor-spacer-inner\"><\/div>\n\t\t<\/div>\n\t\t\t\t\t\t<\/div>\n\t\t\t\t<\/div>\n\t\t\t\t<div class=\"elementor-element elementor-element-08b431a elementor-widget elementor-widget-heading\" data-id=\"08b431a\" data-element_type=\"widget\" data-widget_type=\"heading.default\">\n\t\t\t\t<div class=\"elementor-widget-container\">\n\t\t\t\t\t<h1 class=\"elementor-heading-title elementor-size-default\">Journ\u00e9e du patrimoine \u00e0 Ambialet<\/h1>\t\t\t\t<\/div>\n\t\t\t\t<\/div>\n\t\t\t\t\t<\/div>\n\t\t\t\t<\/div>\n\t\t<div class=\"elementor-element elementor-element-0ea7df8 e-flex e-con-boxed e-con e-parent\" data-id=\"0ea7df8\" data-element_type=\"container\">\n\t\t\t\t\t<div class=\"e-con-inner\">\n\t\t<div class=\"elementor-element elementor-element-f55e251 e-con-full e-flex e-con e-child\" data-id=\"f55e251\" data-element_type=\"container\">\n\t\t\t\t<div class=\"elementor-element elementor-element-c385937 elementor-widget elementor-widget-image\" data-id=\"c385937\" data-element_type=\"widget\" data-widget_type=\"image.default\">\n\t\t\t\t<div class=\"elementor-widget-container\">\n\t\t\t\t\t\t\t\t\t\t\t\t\t\t\t<img fetchpriority=\"high\" decoding=\"async\" width=\"750\" height=\"1000\" src=\"https:\/\/ascla-ambialet.fr\/wp-content\/uploads\/2025\/06\/WhatsApp-Image-2023-09-17-a-10.12.12-768x1024.jpg\" class=\"attachment-large size-large wp-image-684\" alt=\"\" srcset=\"https:\/\/ascla-ambialet.fr\/wp-content\/uploads\/2025\/06\/WhatsApp-Image-2023-09-17-a-10.12.12-768x1024.jpg 768w, https:\/\/ascla-ambialet.fr\/wp-content\/uploads\/2025\/06\/WhatsApp-Image-2023-09-17-a-10.12.12-225x300.jpg 225w, https:\/\/ascla-ambialet.fr\/wp-content\/uploads\/2025\/06\/WhatsApp-Image-2023-09-17-a-10.12.12.jpg 966w\" sizes=\"(max-width: 750px) 100vw, 750px\" \/>\t\t\t\t\t\t\t\t\t\t\t\t\t\t\t<\/div>\n\t\t\t\t<\/div>\n\t\t\t\t<\/div>\n\t\t<div class=\"elementor-element elementor-element-2c97f5e e-con-full e-flex e-con e-child\" data-id=\"2c97f5e\" data-element_type=\"container\">\n\t\t\t\t<div class=\"elementor-element elementor-element-6e0bf46 elementor-widget elementor-widget-text-editor\" data-id=\"6e0bf46\" data-element_type=\"widget\" data-widget_type=\"text-editor.default\">\n\t\t\t\t<div class=\"elementor-widget-container\">\n\t\t\t\t\t\t\t\t\t<p data-start=\"932\" data-end=\"1246\">Chaque ann\u00e9e, \u00e0 l\u2019occasion des Journ\u00e9es du Patrimoine \u00e0 Ambialet, l\u2019ASCLA vous invite \u00e0 remonter le temps gr\u00e2ce \u00e0 une visite guid\u00e9e en costumes d\u2019\u00e9poque du site m\u00e9di\u00e9val du Roc Saint-Jean.<\/p><p data-start=\"932\" data-end=\"1246\">Un moment original, vivant et ludique, qui s\u00e9duit aussi bien les petits que les grands curieux d\u2019histoire !<\/p><p data-start=\"1248\" data-end=\"1729\">Cette animation unique permet de d\u00e9couvrir la face cach\u00e9e d\u2019Ambialet, un village perch\u00e9 au c\u0153ur d\u2019une boucle du Tarn, dont le patrimoine t\u00e9moigne d\u2019un riche pass\u00e9 m\u00e9di\u00e9val. Au fil de la balade, les visiteurs explorent les cases-encoches, le port ancien, la tour Saint-Gilles, et les ruelles charg\u00e9es de m\u00e9moire.<\/p><p data-start=\"1248\" data-end=\"1729\">Guid\u00e9s par des b\u00e9n\u00e9voles costum\u00e9s, ils plongent dans l\u2019atmosph\u00e8re du village en l\u2019an mille, entre anecdotes locales et sc\u00e8nes de vie reconstitu\u00e9es.<\/p>\t\t\t\t\t\t\t\t<\/div>\n\t\t\t\t<\/div>\n\t\t\t\t<\/div>\n\t\t\t\t\t<\/div>\n\t\t\t\t<\/div>\n\t\t<div class=\"elementor-element elementor-element-1b30a0d e-flex e-con-boxed e-con e-parent\" data-id=\"1b30a0d\" data-element_type=\"container\">\n\t\t\t\t\t<div class=\"e-con-inner\">\n\t\t\t\t<div class=\"elementor-element elementor-element-3ec9035 elementor-widget elementor-widget-heading\" data-id=\"3ec9035\" data-element_type=\"widget\" data-widget_type=\"heading.default\">\n\t\t\t\t<div class=\"elementor-widget-container\">\n\t\t\t\t\t<h2 class=\"elementor-heading-title elementor-size-default\">Journ\u00e9e du patrimoine 2026<\/h2>\t\t\t\t<\/div>\n\t\t\t\t<\/div>\n\t\t\t\t\t<\/div>\n\t\t\t\t<\/div>\n\t\t<div class=\"elementor-element elementor-element-8f1c9f8 e-flex e-con-boxed e-con e-parent\" data-id=\"8f1c9f8\" data-element_type=\"container\">\n\t\t\t\t\t<div class=\"e-con-inner\">\n\t\t<div class=\"elementor-element elementor-element-6df76c9 e-con-full e-flex e-con e-child\" data-id=\"6df76c9\" data-element_type=\"container\">\n\t\t\t\t<div class=\"elementor-element elementor-element-17bd979 elementor-widget__width-initial elementor-widget elementor-widget-heading\" data-id=\"17bd979\" data-element_type=\"widget\" data-widget_type=\"heading.default\">\n\t\t\t\t<div class=\"elementor-widget-container\">\n\t\t\t\t\t<h2 class=\"elementor-heading-title elementor-size-default\">Dimanche <br> 20 septembre<\/h2>\t\t\t\t<\/div>\n\t\t\t\t<\/div>\n\t\t\t\t<\/div>\n\t\t<div class=\"elementor-element elementor-element-972201f e-con-full e-flex e-con e-child\" data-id=\"972201f\" data-element_type=\"container\">\n\t\t\t\t<div class=\"elementor-element elementor-element-2607831 elementor-widget elementor-widget-text-editor\" data-id=\"2607831\" data-element_type=\"widget\" data-widget_type=\"text-editor.default\">\n\t\t\t\t<div class=\"elementor-widget-container\">\n\t\t\t\t\t\t\t\t\t<p>\u00a0Venez d\u00e9couvrir la face cach\u00e9e d\u2019Ambialet et la vie du village en l\u2019an mille dans les cases-encoches lors d\u2019une visite anim\u00e9e. Dur\u00e9e du parcours 1h environ. D\u00e9parts toutes les heures de l\u2019\u00e9glise St Gilles \u00e0 partir de 14h. pr\u00e9voyez de bonnes chaussures pour arpenter les sentiers du Roc !<\/p>\t\t\t\t\t\t\t\t<\/div>\n\t\t\t\t<\/div>\n\t\t\t\t<\/div>\n\t\t\t\t\t<\/div>\n\t\t\t\t<\/div>\n\t\t<div class=\"elementor-element elementor-element-ea02f28 e-flex e-con-boxed e-con e-parent\" data-id=\"ea02f28\" data-element_type=\"container\">\n\t\t\t\t\t<div class=\"e-con-inner\">\n\t\t\t\t\t<\/div>\n\t\t\t\t<\/div>\n\t\t\t\t<\/div>\n\t\t","protected":false},"excerpt":{"rendered":"<p>Journ\u00e9e du patrimoine \u00e0 Ambialet Chaque ann\u00e9e, \u00e0 l\u2019occasion des Journ\u00e9es du Patrimoine \u00e0 Ambialet, l\u2019ASCLA vous invite \u00e0 remonter le temps gr\u00e2ce \u00e0 une visite guid\u00e9e en costumes d\u2019\u00e9poque du site m\u00e9di\u00e9val du Roc Saint-Jean. Un moment original, vivant et ludique, qui s\u00e9duit aussi bien les petits que les [&hellip;]<\/p>\n","protected":false},"author":1,"featured_media":0,"parent":0,"menu_order":0,"comment_status":"closed","ping_status":"closed","template":"page-templates\/template-pagebuilder-full-width.php","meta":{"footnotes":""},"class_list":["post-85","page","type-page","status-publish","hentry"],"yoast_head":"<!-- This site is optimized with the Yoast SEO plugin v26.1.1 - https:\/\/yoast.com\/wordpress\/plugins\/seo\/ -->\n<title>Journ\u00e9es du patrimoine - ASCLA<\/title>\n<meta name=\"robots\" content=\"index, follow, max-snippet:-1, max-image-preview:large, max-video-preview:-1\" \/>\n<link rel=\"canonical\" href=\"https:\/\/ascla-ambialet.fr\/index.php\/journees-du-patrimoine\/\" \/>\n<meta property=\"og:locale\" content=\"fr_FR\" \/>\n<meta property=\"og:type\" content=\"article\" \/>\n<meta property=\"og:title\" content=\"Journ\u00e9es du patrimoine - ASCLA\" \/>\n<meta property=\"og:description\" content=\"Journ\u00e9e du patrimoine \u00e0 Ambialet Chaque ann\u00e9e, \u00e0 l\u2019occasion des Journ\u00e9es du Patrimoine \u00e0 Ambialet, l\u2019ASCLA vous invite \u00e0 remonter le temps gr\u00e2ce \u00e0 une visite guid\u00e9e en costumes d\u2019\u00e9poque du site m\u00e9di\u00e9val du Roc Saint-Jean. Un moment original, vivant et ludique, qui s\u00e9duit aussi bien les petits que les [&hellip;]\" \/>\n<meta property=\"og:url\" content=\"https:\/\/ascla-ambialet.fr\/index.php\/journees-du-patrimoine\/\" \/>\n<meta property=\"og:site_name\" content=\"ASCLA\" \/>\n<meta property=\"article:modified_time\" content=\"2026-03-30T19:42:45+00:00\" \/>\n<meta property=\"og:image\" content=\"https:\/\/ascla-ambialet.fr\/wp-content\/uploads\/2025\/06\/WhatsApp-Image-2023-09-17-a-10.12.12.jpg\" \/>\n\t<meta property=\"og:image:width\" content=\"966\" \/>\n\t<meta property=\"og:image:height\" content=\"1288\" \/>\n\t<meta property=\"og:image:type\" content=\"image\/jpeg\" \/>\n<meta name=\"twitter:card\" content=\"summary_large_image\" \/>\n<meta name=\"twitter:label1\" content=\"Dur\u00e9e de lecture estim\u00e9e\" \/>\n\t<meta name=\"twitter:data1\" content=\"2 minutes\" \/>\n<script type=\"application\/ld+json\" class=\"yoast-schema-graph\">{\"@context\":\"https:\/\/schema.org\",\"@graph\":[{\"@type\":\"WebPage\",\"@id\":\"https:\/\/ascla-ambialet.fr\/index.php\/journees-du-patrimoine\/\",\"url\":\"https:\/\/ascla-ambialet.fr\/index.php\/journees-du-patrimoine\/\",\"name\":\"Journ\u00e9es du patrimoine - ASCLA\",\"isPartOf\":{\"@id\":\"https:\/\/ascla-ambialet.fr\/#website\"},\"primaryImageOfPage\":{\"@id\":\"https:\/\/ascla-ambialet.fr\/index.php\/journees-du-patrimoine\/#primaryimage\"},\"image\":{\"@id\":\"https:\/\/ascla-ambialet.fr\/index.php\/journees-du-patrimoine\/#primaryimage\"},\"thumbnailUrl\":\"https:\/\/ascla-ambialet.fr\/wp-content\/uploads\/2025\/06\/WhatsApp-Image-2023-09-17-a-10.12.12-768x1024.jpg\",\"datePublished\":\"2025-05-27T10:47:41+00:00\",\"dateModified\":\"2026-03-30T19:42:45+00:00\",\"breadcrumb\":{\"@id\":\"https:\/\/ascla-ambialet.fr\/index.php\/journees-du-patrimoine\/#breadcrumb\"},\"inLanguage\":\"fr-FR\",\"potentialAction\":[{\"@type\":\"ReadAction\",\"target\":[\"https:\/\/ascla-ambialet.fr\/index.php\/journees-du-patrimoine\/\"]}]},{\"@type\":\"ImageObject\",\"inLanguage\":\"fr-FR\",\"@id\":\"https:\/\/ascla-ambialet.fr\/index.php\/journees-du-patrimoine\/#primaryimage\",\"url\":\"https:\/\/ascla-ambialet.fr\/wp-content\/uploads\/2025\/06\/WhatsApp-Image-2023-09-17-a-10.12.12.jpg\",\"contentUrl\":\"https:\/\/ascla-ambialet.fr\/wp-content\/uploads\/2025\/06\/WhatsApp-Image-2023-09-17-a-10.12.12.jpg\",\"width\":966,\"height\":1288},{\"@type\":\"BreadcrumbList\",\"@id\":\"https:\/\/ascla-ambialet.fr\/index.php\/journees-du-patrimoine\/#breadcrumb\",\"itemListElement\":[{\"@type\":\"ListItem\",\"position\":1,\"name\":\"Accueil\",\"item\":\"https:\/\/ascla-ambialet.fr\/\"},{\"@type\":\"ListItem\",\"position\":2,\"name\":\"Journ\u00e9es du patrimoine\"}]},{\"@type\":\"WebSite\",\"@id\":\"https:\/\/ascla-ambialet.fr\/#website\",\"url\":\"https:\/\/ascla-ambialet.fr\/\",\"name\":\"ASCLA\",\"description\":\"\",\"publisher\":{\"@id\":\"https:\/\/ascla-ambialet.fr\/#organization\"},\"potentialAction\":[{\"@type\":\"SearchAction\",\"target\":{\"@type\":\"EntryPoint\",\"urlTemplate\":\"https:\/\/ascla-ambialet.fr\/?s={search_term_string}\"},\"query-input\":{\"@type\":\"PropertyValueSpecification\",\"valueRequired\":true,\"valueName\":\"search_term_string\"}}],\"inLanguage\":\"fr-FR\"},{\"@type\":\"Organization\",\"@id\":\"https:\/\/ascla-ambialet.fr\/#organization\",\"name\":\"ASCLA\",\"url\":\"https:\/\/ascla-ambialet.fr\/\",\"logo\":{\"@type\":\"ImageObject\",\"inLanguage\":\"fr-FR\",\"@id\":\"https:\/\/ascla-ambialet.fr\/#\/schema\/logo\/image\/\",\"url\":\"https:\/\/ascla-ambialet.fr\/wp-content\/uploads\/2025\/05\/Design-sans-titre11.png\",\"contentUrl\":\"https:\/\/ascla-ambialet.fr\/wp-content\/uploads\/2025\/05\/Design-sans-titre11.png\",\"width\":800,\"height\":800,\"caption\":\"ASCLA\"},\"image\":{\"@id\":\"https:\/\/ascla-ambialet.fr\/#\/schema\/logo\/image\/\"}}]}<\/script>\n<!-- \/ Yoast SEO plugin. -->","yoast_head_json":{"title":"Journ\u00e9es du patrimoine - ASCLA","robots":{"index":"index","follow":"follow","max-snippet":"max-snippet:-1","max-image-preview":"max-image-preview:large","max-video-preview":"max-video-preview:-1"},"canonical":"https:\/\/ascla-ambialet.fr\/index.php\/journees-du-patrimoine\/","og_locale":"fr_FR","og_type":"article","og_title":"Journ\u00e9es du patrimoine - ASCLA","og_description":"Journ\u00e9e du patrimoine \u00e0 Ambialet Chaque ann\u00e9e, \u00e0 l\u2019occasion des Journ\u00e9es du Patrimoine \u00e0 Ambialet, l\u2019ASCLA vous invite \u00e0 remonter le temps gr\u00e2ce \u00e0 une visite guid\u00e9e en costumes d\u2019\u00e9poque du site m\u00e9di\u00e9val du Roc Saint-Jean. Un moment original, vivant et ludique, qui s\u00e9duit aussi bien les petits que les [&hellip;]","og_url":"https:\/\/ascla-ambialet.fr\/index.php\/journees-du-patrimoine\/","og_site_name":"ASCLA","article_modified_time":"2026-03-30T19:42:45+00:00","og_image":[{"width":966,"height":1288,"url":"https:\/\/ascla-ambialet.fr\/wp-content\/uploads\/2025\/06\/WhatsApp-Image-2023-09-17-a-10.12.12.jpg","type":"image\/jpeg"}],"twitter_card":"summary_large_image","twitter_misc":{"Dur\u00e9e de lecture estim\u00e9e":"2 minutes"},"schema":{"@context":"https:\/\/schema.org","@graph":[{"@type":"WebPage","@id":"https:\/\/ascla-ambialet.fr\/index.php\/journees-du-patrimoine\/","url":"https:\/\/ascla-ambialet.fr\/index.php\/journees-du-patrimoine\/","name":"Journ\u00e9es du patrimoine - ASCLA","isPartOf":{"@id":"https:\/\/ascla-ambialet.fr\/#website"},"primaryImageOfPage":{"@id":"https:\/\/ascla-ambialet.fr\/index.php\/journees-du-patrimoine\/#primaryimage"},"image":{"@id":"https:\/\/ascla-ambialet.fr\/index.php\/journees-du-patrimoine\/#primaryimage"},"thumbnailUrl":"https:\/\/ascla-ambialet.fr\/wp-content\/uploads\/2025\/06\/WhatsApp-Image-2023-09-17-a-10.12.12-768x1024.jpg","datePublished":"2025-05-27T10:47:41+00:00","dateModified":"2026-03-30T19:42:45+00:00","breadcrumb":{"@id":"https:\/\/ascla-ambialet.fr\/index.php\/journees-du-patrimoine\/#breadcrumb"},"inLanguage":"fr-FR","potentialAction":[{"@type":"ReadAction","target":["https:\/\/ascla-ambialet.fr\/index.php\/journees-du-patrimoine\/"]}]},{"@type":"ImageObject","inLanguage":"fr-FR","@id":"https:\/\/ascla-ambialet.fr\/index.php\/journees-du-patrimoine\/#primaryimage","url":"https:\/\/ascla-ambialet.fr\/wp-content\/uploads\/2025\/06\/WhatsApp-Image-2023-09-17-a-10.12.12.jpg","contentUrl":"https:\/\/ascla-ambialet.fr\/wp-content\/uploads\/2025\/06\/WhatsApp-Image-2023-09-17-a-10.12.12.jpg","width":966,"height":1288},{"@type":"BreadcrumbList","@id":"https:\/\/ascla-ambialet.fr\/index.php\/journees-du-patrimoine\/#breadcrumb","itemListElement":[{"@type":"ListItem","position":1,"name":"Accueil","item":"https:\/\/ascla-ambialet.fr\/"},{"@type":"ListItem","position":2,"name":"Journ\u00e9es du patrimoine"}]},{"@type":"WebSite","@id":"https:\/\/ascla-ambialet.fr\/#website","url":"https:\/\/ascla-ambialet.fr\/","name":"ASCLA","description":"","publisher":{"@id":"https:\/\/ascla-ambialet.fr\/#organization"},"potentialAction":[{"@type":"SearchAction","target":{"@type":"EntryPoint","urlTemplate":"https:\/\/ascla-ambialet.fr\/?s={search_term_string}"},"query-input":{"@type":"PropertyValueSpecification","valueRequired":true,"valueName":"search_term_string"}}],"inLanguage":"fr-FR"},{"@type":"Organization","@id":"https:\/\/ascla-ambialet.fr\/#organization","name":"ASCLA","url":"https:\/\/ascla-ambialet.fr\/","logo":{"@type":"ImageObject","inLanguage":"fr-FR","@id":"https:\/\/ascla-ambialet.fr\/#\/schema\/logo\/image\/","url":"https:\/\/ascla-ambialet.fr\/wp-content\/uploads\/2025\/05\/Design-sans-titre11.png","contentUrl":"https:\/\/ascla-ambialet.fr\/wp-content\/uploads\/2025\/05\/Design-sans-titre11.png","width":800,"height":800,"caption":"ASCLA"},"image":{"@id":"https:\/\/ascla-ambialet.fr\/#\/schema\/logo\/image\/"}}]}},"_links":{"self":[{"href":"https:\/\/ascla-ambialet.fr\/index.php\/wp-json\/wp\/v2\/pages\/85","targetHints":{"allow":["GET"]}}],"collection":[{"href":"https:\/\/ascla-ambialet.fr\/index.php\/wp-json\/wp\/v2\/pages"}],"about":[{"href":"https:\/\/ascla-ambialet.fr\/index.php\/wp-json\/wp\/v2\/types\/page"}],"author":[{"embeddable":true,"href":"https:\/\/ascla-ambialet.fr\/index.php\/wp-json\/wp\/v2\/users\/1"}],"replies":[{"embeddable":true,"href":"https:\/\/ascla-ambialet.fr\/index.php\/wp-json\/wp\/v2\/comments?post=85"}],"version-history":[{"count":40,"href":"https:\/\/ascla-ambialet.fr\/index.php\/wp-json\/wp\/v2\/pages\/85\/revisions"}],"predecessor-version":[{"id":1336,"href":"https:\/\/ascla-ambialet.fr\/index.php\/wp-json\/wp\/v2\/pages\/85\/revisions\/1336"}],"wp:attachment":[{"href":"https:\/\/ascla-ambialet.fr\/index.php\/wp-json\/wp\/v2\/media?parent=85"}],"curies":[{"name":"wp","href":"https:\/\/api.w.org\/{rel}","templated":true}]}}