{"id":86,"date":"2025-05-27T12:47:41","date_gmt":"2025-05-27T10:47:41","guid":{"rendered":"http:\/\/ascla-ambialet.fr\/?page_id=86"},"modified":"2025-11-12T11:28:09","modified_gmt":"2025-11-12T10:28:09","slug":"son-et-lumiere","status":"publish","type":"page","link":"https:\/\/ascla-ambialet.fr\/index.php\/son-et-lumiere\/","title":{"rendered":"Son et Lumi\u00e8re"},"content":{"rendered":"\t\t<div data-elementor-type=\"wp-page\" data-elementor-id=\"86\" class=\"elementor elementor-86\">\n\t\t\t\t<div class=\"elementor-element elementor-element-eb28911 e-flex e-con-boxed e-con e-parent\" data-id=\"eb28911\" data-element_type=\"container\">\n\t\t\t\t\t<div class=\"e-con-inner\">\n\t\t\t\t<div class=\"elementor-element elementor-element-5e34076 elementor-widget elementor-widget-spacer\" data-id=\"5e34076\" data-element_type=\"widget\" data-widget_type=\"spacer.default\">\n\t\t\t\t<div class=\"elementor-widget-container\">\n\t\t\t\t\t\t\t<div class=\"elementor-spacer\">\n\t\t\t<div class=\"elementor-spacer-inner\"><\/div>\n\t\t<\/div>\n\t\t\t\t\t\t<\/div>\n\t\t\t\t<\/div>\n\t\t\t\t<div class=\"elementor-element elementor-element-cf5a460 elementor-widget elementor-widget-heading\" data-id=\"cf5a460\" data-element_type=\"widget\" data-widget_type=\"heading.default\">\n\t\t\t\t<div class=\"elementor-widget-container\">\n\t\t\t\t\t<h1 class=\"elementor-heading-title elementor-size-default\">Son et Lumi\u00e8re d'Ambialet<\/h1>\t\t\t\t<\/div>\n\t\t\t\t<\/div>\n\t\t\t\t\t<\/div>\n\t\t\t\t<\/div>\n\t\t<div class=\"elementor-element elementor-element-c4e1931 e-flex e-con-boxed e-con e-parent\" data-id=\"c4e1931\" data-element_type=\"container\">\n\t\t\t\t\t<div class=\"e-con-inner\">\n\t\t\t\t<div class=\"elementor-element elementor-element-7043b00 elementor-widget elementor-widget-spacer\" data-id=\"7043b00\" data-element_type=\"widget\" data-widget_type=\"spacer.default\">\n\t\t\t\t<div class=\"elementor-widget-container\">\n\t\t\t\t\t\t\t<div class=\"elementor-spacer\">\n\t\t\t<div class=\"elementor-spacer-inner\"><\/div>\n\t\t<\/div>\n\t\t\t\t\t\t<\/div>\n\t\t\t\t<\/div>\n\t\t\t\t\t<\/div>\n\t\t\t\t<\/div>\n\t\t<div class=\"elementor-element elementor-element-a100b66 e-flex e-con-boxed e-con e-parent\" data-id=\"a100b66\" data-element_type=\"container\">\n\t\t\t\t\t<div class=\"e-con-inner\">\n\t\t\t\t<div class=\"elementor-element elementor-element-1878ec0 elementor-widget elementor-widget-text-editor\" data-id=\"1878ec0\" data-element_type=\"widget\" data-widget_type=\"text-editor.default\">\n\t\t\t\t<div class=\"elementor-widget-container\">\n\t\t\t\t\t\t\t\t\t<p data-start=\"952\" data-end=\"1305\">Chaque \u00e9t\u00e9, l\u2019ASCLA vous invite \u00e0 d\u00e9couvrir le Son et Lumi\u00e8re d\u2019Ambialet, un spectacle en plein air qui fait revivre l\u2019histoire de ce village embl\u00e9matique du Tarn \u00e0 travers les si\u00e8cles.<br data-start=\"1145\" data-end=\"1148\" \/>Dans un cadre exceptionnel, les projections sur les murs de pierre plongent le spectateur dans un voyage po\u00e9tique et historique, entre pass\u00e9 et pr\u00e9sent.<\/p>\n<p data-start=\"1307\" data-end=\"1552\">Sous la mairie d\u2019Ambialet, une borne interactive diffuse gratuitement ce moment magique tous les soirs de juillet et ao\u00fbt \u00e0 22h. Petits et grands peuvent ainsi vivre une exp\u00e9rience immersive unique, m\u00ealant patrimoine, culture et \u00e9motion.<\/p>\n<p data-start=\"1554\" data-end=\"1886\">Le spectacle Son et Lumi\u00e8re d\u2019Ambialet prend la forme d\u2019un dialogue entre un enfant curieux et le passeur, figure embl\u00e9matique du village autrefois. \u00c0 travers leurs \u00e9changes, le public d\u00e9couvre la vie quotidienne des habitants : leur travail, leurs traditions, leurs peines et leurs joies au fil du temps, sur les rives du Tarn.<\/p>\n<p data-start=\"1888\" data-end=\"2121\">Organis\u00e9 et mis en valeur par l\u2019ASCLA, ce spectacle est devenu un rendez-vous incontournable de l\u2019\u00e9t\u00e9 dans le Tarn. Il attire chaque ann\u00e9e de nombreux visiteurs venus red\u00e9couvrir l\u2019\u00e2me d\u2019Ambialet et la richesse de son patrimoine.<\/p>\t\t\t\t\t\t\t\t<\/div>\n\t\t\t\t<\/div>\n\t\t\t\t<div class=\"elementor-element elementor-element-aefd8fe elementor-widget elementor-widget-image\" data-id=\"aefd8fe\" data-element_type=\"widget\" data-widget_type=\"image.default\">\n\t\t\t\t<div class=\"elementor-widget-container\">\n\t\t\t\t\t\t\t\t\t\t\t\t\t\t\t\t<a href=\"https:\/\/ascla-ambialet.fr\/wp-content\/uploads\/2025\/06\/20180714_112220-scaled.jpg\" data-elementor-open-lightbox=\"yes\" data-e-action-hash=\"#elementor-action%3Aaction%3Dlightbox%26settings%3DeyJpZCI6ODcxLCJ1cmwiOiJodHRwczpcL1wvYXNjbGEtYW1iaWFsZXQuZnJcL3dwLWNvbnRlbnRcL3VwbG9hZHNcLzIwMjVcLzA2XC8yMDE4MDcxNF8xMTIyMjAtc2NhbGVkLmpwZyJ9\">\n\t\t\t\t\t\t\t<img fetchpriority=\"high\" decoding=\"async\" width=\"750\" height=\"422\" src=\"https:\/\/ascla-ambialet.fr\/wp-content\/uploads\/2025\/06\/20180714_112220-1024x576.jpg\" class=\"attachment-large size-large wp-image-871\" alt=\"\" srcset=\"https:\/\/ascla-ambialet.fr\/wp-content\/uploads\/2025\/06\/20180714_112220-1024x576.jpg 1024w, https:\/\/ascla-ambialet.fr\/wp-content\/uploads\/2025\/06\/20180714_112220-300x169.jpg 300w, https:\/\/ascla-ambialet.fr\/wp-content\/uploads\/2025\/06\/20180714_112220-768x432.jpg 768w, https:\/\/ascla-ambialet.fr\/wp-content\/uploads\/2025\/06\/20180714_112220-1536x864.jpg 1536w, https:\/\/ascla-ambialet.fr\/wp-content\/uploads\/2025\/06\/20180714_112220-2048x1152.jpg 2048w\" sizes=\"(max-width: 750px) 100vw, 750px\" \/>\t\t\t\t\t\t\t\t<\/a>\n\t\t\t\t\t\t\t\t\t\t\t\t\t\t\t<\/div>\n\t\t\t\t<\/div>\n\t\t\t\t<div class=\"elementor-element elementor-element-f7cb083 elementor-arrows-position-inside elementor-pagination-position-outside elementor-widget elementor-widget-image-carousel\" data-id=\"f7cb083\" data-element_type=\"widget\" data-settings=\"{&quot;navigation&quot;:&quot;both&quot;,&quot;autoplay&quot;:&quot;yes&quot;,&quot;pause_on_hover&quot;:&quot;yes&quot;,&quot;pause_on_interaction&quot;:&quot;yes&quot;,&quot;autoplay_speed&quot;:5000,&quot;infinite&quot;:&quot;yes&quot;,&quot;speed&quot;:500}\" data-widget_type=\"image-carousel.default\">\n\t\t\t\t<div class=\"elementor-widget-container\">\n\t\t\t\t\t\t\t<div class=\"elementor-image-carousel-wrapper swiper\" role=\"region\" aria-roledescription=\"carousel\" aria-label=\"Carrousel d\u2019images\" dir=\"ltr\">\n\t\t\t<div class=\"elementor-image-carousel swiper-wrapper\" aria-live=\"off\">\n\t\t\t\t\t\t\t\t<div class=\"swiper-slide\" role=\"group\" aria-roledescription=\"slide\" aria-label=\"1 sur 5\"><a data-elementor-open-lightbox=\"yes\" data-elementor-lightbox-slideshow=\"f7cb083\" data-e-action-hash=\"#elementor-action%3Aaction%3Dlightbox%26settings%3DeyJpZCI6ODc2LCJ1cmwiOiJodHRwczpcL1wvYXNjbGEtYW1iaWFsZXQuZnJcL3dwLWNvbnRlbnRcL3VwbG9hZHNcLzIwMjVcLzA2XC9zb24tZXQtbHVtaWVyZS1BbWJpYWxldC5qcGciLCJzbGlkZXNob3ciOiJmN2NiMDgzIn0%3D\" href=\"https:\/\/ascla-ambialet.fr\/wp-content\/uploads\/2025\/06\/son-et-lumiere-Ambialet.jpg\"><figure class=\"swiper-slide-inner\"><img decoding=\"async\" class=\"swiper-slide-image\" src=\"https:\/\/ascla-ambialet.fr\/wp-content\/uploads\/2025\/06\/son-et-lumiere-Ambialet-150x150.jpg\" alt=\"son et lumi\u00e8re Ambialet\" \/><\/figure><\/a><\/div><div class=\"swiper-slide\" role=\"group\" aria-roledescription=\"slide\" aria-label=\"2 sur 5\"><a data-elementor-open-lightbox=\"yes\" data-elementor-lightbox-slideshow=\"f7cb083\" data-e-action-hash=\"#elementor-action%3Aaction%3Dlightbox%26settings%3DeyJpZCI6ODc3LCJ1cmwiOiJodHRwczpcL1wvYXNjbGEtYW1iaWFsZXQuZnJcL3dwLWNvbnRlbnRcL3VwbG9hZHNcLzIwMjVcLzA2XC9EU0MwMTQ5NC1SRUNBLVJFR0wtUEVJTlQtc2NhbGVkLmpwZyIsInNsaWRlc2hvdyI6ImY3Y2IwODMifQ%3D%3D\" href=\"https:\/\/ascla-ambialet.fr\/wp-content\/uploads\/2025\/06\/DSC01494-RECA-REGL-PEINT-scaled.jpg\"><figure class=\"swiper-slide-inner\"><img decoding=\"async\" class=\"swiper-slide-image\" src=\"https:\/\/ascla-ambialet.fr\/wp-content\/uploads\/2025\/06\/DSC01494-RECA-REGL-PEINT-150x150.jpg\" alt=\"DSC01494 RECA REGL PEINT\" \/><\/figure><\/a><\/div><div class=\"swiper-slide\" role=\"group\" aria-roledescription=\"slide\" aria-label=\"3 sur 5\"><a data-elementor-open-lightbox=\"yes\" data-elementor-lightbox-slideshow=\"f7cb083\" data-e-action-hash=\"#elementor-action%3Aaction%3Dlightbox%26settings%3DeyJpZCI6ODc4LCJ1cmwiOiJodHRwczpcL1wvYXNjbGEtYW1iaWFsZXQuZnJcL3dwLWNvbnRlbnRcL3VwbG9hZHNcLzIwMjVcLzA2XC9Tb24tTHVtLTIwMDgtMS5qcGciLCJzbGlkZXNob3ciOiJmN2NiMDgzIn0%3D\" href=\"https:\/\/ascla-ambialet.fr\/wp-content\/uploads\/2025\/06\/Son-Lum-2008-1.jpg\"><figure class=\"swiper-slide-inner\"><img decoding=\"async\" class=\"swiper-slide-image\" src=\"https:\/\/ascla-ambialet.fr\/wp-content\/uploads\/2025\/06\/Son-Lum-2008-1-150x150.jpg\" alt=\"Son Lum 2008 1\" \/><\/figure><\/a><\/div><div class=\"swiper-slide\" role=\"group\" aria-roledescription=\"slide\" aria-label=\"4 sur 5\"><a data-elementor-open-lightbox=\"yes\" data-elementor-lightbox-slideshow=\"f7cb083\" data-e-action-hash=\"#elementor-action%3Aaction%3Dlightbox%26settings%3DeyJpZCI6ODc5LCJ1cmwiOiJodHRwczpcL1wvYXNjbGEtYW1iaWFsZXQuZnJcL3dwLWNvbnRlbnRcL3VwbG9hZHNcLzIwMjVcLzA2XC9Tb24tTHVtLTIwMDgtMi5qcGciLCJzbGlkZXNob3ciOiJmN2NiMDgzIn0%3D\" href=\"https:\/\/ascla-ambialet.fr\/wp-content\/uploads\/2025\/06\/Son-Lum-2008-2.jpg\"><figure class=\"swiper-slide-inner\"><img decoding=\"async\" class=\"swiper-slide-image\" src=\"https:\/\/ascla-ambialet.fr\/wp-content\/uploads\/2025\/06\/Son-Lum-2008-2-150x150.jpg\" alt=\"Son Lum 2008 2\" \/><\/figure><\/a><\/div><div class=\"swiper-slide\" role=\"group\" aria-roledescription=\"slide\" aria-label=\"5 sur 5\"><a data-elementor-open-lightbox=\"yes\" data-elementor-lightbox-slideshow=\"f7cb083\" data-e-action-hash=\"#elementor-action%3Aaction%3Dlightbox%26settings%3DeyJpZCI6ODgwLCJ1cmwiOiJodHRwczpcL1wvYXNjbGEtYW1iaWFsZXQuZnJcL3dwLWNvbnRlbnRcL3VwbG9hZHNcLzIwMjVcLzA2XC9Tb24tTHVtLTIwMDgtNC5qcGciLCJzbGlkZXNob3ciOiJmN2NiMDgzIn0%3D\" href=\"https:\/\/ascla-ambialet.fr\/wp-content\/uploads\/2025\/06\/Son-Lum-2008-4.jpg\"><figure class=\"swiper-slide-inner\"><img decoding=\"async\" class=\"swiper-slide-image\" src=\"https:\/\/ascla-ambialet.fr\/wp-content\/uploads\/2025\/06\/Son-Lum-2008-4-150x150.jpg\" alt=\"Son Lum 2008 4\" \/><\/figure><\/a><\/div>\t\t\t<\/div>\n\t\t\t\t\t\t\t\t\t\t\t\t<div class=\"elementor-swiper-button elementor-swiper-button-prev\" role=\"button\" tabindex=\"0\">\n\t\t\t\t\t\t<svg aria-hidden=\"true\" class=\"e-font-icon-svg e-eicon-chevron-left\" viewBox=\"0 0 1000 1000\" xmlns=\"http:\/\/www.w3.org\/2000\/svg\"><path d=\"M646 125C629 125 613 133 604 142L308 442C296 454 292 471 292 487 292 504 296 521 308 533L604 854C617 867 629 875 646 875 663 875 679 871 692 858 704 846 713 829 713 812 713 796 708 779 692 767L438 487 692 225C700 217 708 204 708 187 708 171 704 154 692 142 675 129 663 125 646 125Z\"><\/path><\/svg>\t\t\t\t\t<\/div>\n\t\t\t\t\t<div class=\"elementor-swiper-button elementor-swiper-button-next\" role=\"button\" tabindex=\"0\">\n\t\t\t\t\t\t<svg aria-hidden=\"true\" class=\"e-font-icon-svg e-eicon-chevron-right\" viewBox=\"0 0 1000 1000\" xmlns=\"http:\/\/www.w3.org\/2000\/svg\"><path d=\"M696 533C708 521 713 504 713 487 713 471 708 454 696 446L400 146C388 133 375 125 354 125 338 125 325 129 313 142 300 154 292 171 292 187 292 204 296 221 308 233L563 492 304 771C292 783 288 800 288 817 288 833 296 850 308 863 321 871 338 875 354 875 371 875 388 867 400 854L696 533Z\"><\/path><\/svg>\t\t\t\t\t<\/div>\n\t\t\t\t\n\t\t\t\t\t\t\t\t\t<div class=\"swiper-pagination\"><\/div>\n\t\t\t\t\t\t\t\t\t<\/div>\n\t\t\t\t\t\t<\/div>\n\t\t\t\t<\/div>\n\t\t\t\t\t<\/div>\n\t\t\t\t<\/div>\n\t\t<div class=\"elementor-element elementor-element-cdf7f8d e-flex e-con-boxed e-con e-parent\" data-id=\"cdf7f8d\" data-element_type=\"container\">\n\t\t\t\t\t<div class=\"e-con-inner\">\n\t\t\t\t\t<\/div>\n\t\t\t\t<\/div>\n\t\t\t\t<\/div>\n\t\t","protected":false},"excerpt":{"rendered":"<p>Son et Lumi\u00e8re d&rsquo;Ambialet Chaque \u00e9t\u00e9, l\u2019ASCLA vous invite \u00e0 d\u00e9couvrir le Son et Lumi\u00e8re d\u2019Ambialet, un spectacle en plein air qui fait revivre l\u2019histoire de ce village embl\u00e9matique du Tarn \u00e0 travers les si\u00e8cles.Dans un cadre exceptionnel, les projections sur les murs de pierre plongent le spectateur dans un [&hellip;]<\/p>\n","protected":false},"author":1,"featured_media":0,"parent":0,"menu_order":0,"comment_status":"closed","ping_status":"closed","template":"","meta":{"footnotes":""},"class_list":["post-86","page","type-page","status-publish","hentry"],"yoast_head":"<!-- This site is optimized with the Yoast SEO plugin v26.1.1 - https:\/\/yoast.com\/wordpress\/plugins\/seo\/ -->\n<title>Son et Lumi\u00e8re d\u2019Ambialet \u2013 Spectacle estival de l\u2019ASCLA<\/title>\n<meta name=\"description\" content=\"Revivez l\u2019histoire d\u2019Ambialet avec le Son et Lumi\u00e8re de l\u2019ASCLA : un spectacle projet\u00e9 chaque soir d\u2019\u00e9t\u00e9 au c\u0153ur du village du Tarn.\" \/>\n<meta name=\"robots\" content=\"index, follow, max-snippet:-1, max-image-preview:large, max-video-preview:-1\" \/>\n<link rel=\"canonical\" href=\"https:\/\/ascla-ambialet.fr\/index.php\/son-et-lumiere\/\" \/>\n<meta property=\"og:locale\" content=\"fr_FR\" \/>\n<meta property=\"og:type\" content=\"article\" \/>\n<meta property=\"og:title\" content=\"Son et Lumi\u00e8re d\u2019Ambialet \u2013 Spectacle estival de l\u2019ASCLA\" \/>\n<meta property=\"og:description\" content=\"Revivez l\u2019histoire d\u2019Ambialet avec le Son et Lumi\u00e8re de l\u2019ASCLA : un spectacle projet\u00e9 chaque soir d\u2019\u00e9t\u00e9 au c\u0153ur du village du Tarn.\" \/>\n<meta property=\"og:url\" content=\"https:\/\/ascla-ambialet.fr\/index.php\/son-et-lumiere\/\" \/>\n<meta property=\"og:site_name\" content=\"ASCLA\" \/>\n<meta property=\"article:modified_time\" content=\"2025-11-12T10:28:09+00:00\" \/>\n<meta property=\"og:image\" content=\"https:\/\/ascla-ambialet.fr\/wp-content\/uploads\/2025\/06\/20180714_112220-1024x576.jpg\" \/>\n<meta name=\"twitter:card\" content=\"summary_large_image\" \/>\n<meta name=\"twitter:label1\" content=\"Dur\u00e9e de lecture estim\u00e9e\" \/>\n\t<meta name=\"twitter:data1\" content=\"3 minutes\" \/>\n<script type=\"application\/ld+json\" class=\"yoast-schema-graph\">{\"@context\":\"https:\/\/schema.org\",\"@graph\":[{\"@type\":\"WebPage\",\"@id\":\"https:\/\/ascla-ambialet.fr\/index.php\/son-et-lumiere\/\",\"url\":\"https:\/\/ascla-ambialet.fr\/index.php\/son-et-lumiere\/\",\"name\":\"Son et Lumi\u00e8re d\u2019Ambialet \u2013 Spectacle estival de l\u2019ASCLA\",\"isPartOf\":{\"@id\":\"https:\/\/ascla-ambialet.fr\/#website\"},\"primaryImageOfPage\":{\"@id\":\"https:\/\/ascla-ambialet.fr\/index.php\/son-et-lumiere\/#primaryimage\"},\"image\":{\"@id\":\"https:\/\/ascla-ambialet.fr\/index.php\/son-et-lumiere\/#primaryimage\"},\"thumbnailUrl\":\"https:\/\/ascla-ambialet.fr\/wp-content\/uploads\/2025\/06\/20180714_112220-1024x576.jpg\",\"datePublished\":\"2025-05-27T10:47:41+00:00\",\"dateModified\":\"2025-11-12T10:28:09+00:00\",\"description\":\"Revivez l\u2019histoire d\u2019Ambialet avec le Son et Lumi\u00e8re de l\u2019ASCLA : un spectacle projet\u00e9 chaque soir d\u2019\u00e9t\u00e9 au c\u0153ur du village du Tarn.\",\"breadcrumb\":{\"@id\":\"https:\/\/ascla-ambialet.fr\/index.php\/son-et-lumiere\/#breadcrumb\"},\"inLanguage\":\"fr-FR\",\"potentialAction\":[{\"@type\":\"ReadAction\",\"target\":[\"https:\/\/ascla-ambialet.fr\/index.php\/son-et-lumiere\/\"]}]},{\"@type\":\"ImageObject\",\"inLanguage\":\"fr-FR\",\"@id\":\"https:\/\/ascla-ambialet.fr\/index.php\/son-et-lumiere\/#primaryimage\",\"url\":\"https:\/\/ascla-ambialet.fr\/wp-content\/uploads\/2025\/06\/20180714_112220-scaled.jpg\",\"contentUrl\":\"https:\/\/ascla-ambialet.fr\/wp-content\/uploads\/2025\/06\/20180714_112220-scaled.jpg\",\"width\":2560,\"height\":1440},{\"@type\":\"BreadcrumbList\",\"@id\":\"https:\/\/ascla-ambialet.fr\/index.php\/son-et-lumiere\/#breadcrumb\",\"itemListElement\":[{\"@type\":\"ListItem\",\"position\":1,\"name\":\"Accueil\",\"item\":\"https:\/\/ascla-ambialet.fr\/\"},{\"@type\":\"ListItem\",\"position\":2,\"name\":\"Son et Lumi\u00e8re\"}]},{\"@type\":\"WebSite\",\"@id\":\"https:\/\/ascla-ambialet.fr\/#website\",\"url\":\"https:\/\/ascla-ambialet.fr\/\",\"name\":\"ASCLA\",\"description\":\"\",\"publisher\":{\"@id\":\"https:\/\/ascla-ambialet.fr\/#organization\"},\"potentialAction\":[{\"@type\":\"SearchAction\",\"target\":{\"@type\":\"EntryPoint\",\"urlTemplate\":\"https:\/\/ascla-ambialet.fr\/?s={search_term_string}\"},\"query-input\":{\"@type\":\"PropertyValueSpecification\",\"valueRequired\":true,\"valueName\":\"search_term_string\"}}],\"inLanguage\":\"fr-FR\"},{\"@type\":\"Organization\",\"@id\":\"https:\/\/ascla-ambialet.fr\/#organization\",\"name\":\"ASCLA\",\"url\":\"https:\/\/ascla-ambialet.fr\/\",\"logo\":{\"@type\":\"ImageObject\",\"inLanguage\":\"fr-FR\",\"@id\":\"https:\/\/ascla-ambialet.fr\/#\/schema\/logo\/image\/\",\"url\":\"https:\/\/ascla-ambialet.fr\/wp-content\/uploads\/2025\/05\/Design-sans-titre11.png\",\"contentUrl\":\"https:\/\/ascla-ambialet.fr\/wp-content\/uploads\/2025\/05\/Design-sans-titre11.png\",\"width\":800,\"height\":800,\"caption\":\"ASCLA\"},\"image\":{\"@id\":\"https:\/\/ascla-ambialet.fr\/#\/schema\/logo\/image\/\"}}]}<\/script>\n<!-- \/ Yoast SEO plugin. -->","yoast_head_json":{"title":"Son et Lumi\u00e8re d\u2019Ambialet \u2013 Spectacle estival de l\u2019ASCLA","description":"Revivez l\u2019histoire d\u2019Ambialet avec le Son et Lumi\u00e8re de l\u2019ASCLA : un spectacle projet\u00e9 chaque soir d\u2019\u00e9t\u00e9 au c\u0153ur du village du Tarn.","robots":{"index":"index","follow":"follow","max-snippet":"max-snippet:-1","max-image-preview":"max-image-preview:large","max-video-preview":"max-video-preview:-1"},"canonical":"https:\/\/ascla-ambialet.fr\/index.php\/son-et-lumiere\/","og_locale":"fr_FR","og_type":"article","og_title":"Son et Lumi\u00e8re d\u2019Ambialet \u2013 Spectacle estival de l\u2019ASCLA","og_description":"Revivez l\u2019histoire d\u2019Ambialet avec le Son et Lumi\u00e8re de l\u2019ASCLA : un spectacle projet\u00e9 chaque soir d\u2019\u00e9t\u00e9 au c\u0153ur du village du Tarn.","og_url":"https:\/\/ascla-ambialet.fr\/index.php\/son-et-lumiere\/","og_site_name":"ASCLA","article_modified_time":"2025-11-12T10:28:09+00:00","og_image":[{"url":"https:\/\/ascla-ambialet.fr\/wp-content\/uploads\/2025\/06\/20180714_112220-1024x576.jpg","type":"","width":"","height":""}],"twitter_card":"summary_large_image","twitter_misc":{"Dur\u00e9e de lecture estim\u00e9e":"3 minutes"},"schema":{"@context":"https:\/\/schema.org","@graph":[{"@type":"WebPage","@id":"https:\/\/ascla-ambialet.fr\/index.php\/son-et-lumiere\/","url":"https:\/\/ascla-ambialet.fr\/index.php\/son-et-lumiere\/","name":"Son et Lumi\u00e8re d\u2019Ambialet \u2013 Spectacle estival de l\u2019ASCLA","isPartOf":{"@id":"https:\/\/ascla-ambialet.fr\/#website"},"primaryImageOfPage":{"@id":"https:\/\/ascla-ambialet.fr\/index.php\/son-et-lumiere\/#primaryimage"},"image":{"@id":"https:\/\/ascla-ambialet.fr\/index.php\/son-et-lumiere\/#primaryimage"},"thumbnailUrl":"https:\/\/ascla-ambialet.fr\/wp-content\/uploads\/2025\/06\/20180714_112220-1024x576.jpg","datePublished":"2025-05-27T10:47:41+00:00","dateModified":"2025-11-12T10:28:09+00:00","description":"Revivez l\u2019histoire d\u2019Ambialet avec le Son et Lumi\u00e8re de l\u2019ASCLA : un spectacle projet\u00e9 chaque soir d\u2019\u00e9t\u00e9 au c\u0153ur du village du Tarn.","breadcrumb":{"@id":"https:\/\/ascla-ambialet.fr\/index.php\/son-et-lumiere\/#breadcrumb"},"inLanguage":"fr-FR","potentialAction":[{"@type":"ReadAction","target":["https:\/\/ascla-ambialet.fr\/index.php\/son-et-lumiere\/"]}]},{"@type":"ImageObject","inLanguage":"fr-FR","@id":"https:\/\/ascla-ambialet.fr\/index.php\/son-et-lumiere\/#primaryimage","url":"https:\/\/ascla-ambialet.fr\/wp-content\/uploads\/2025\/06\/20180714_112220-scaled.jpg","contentUrl":"https:\/\/ascla-ambialet.fr\/wp-content\/uploads\/2025\/06\/20180714_112220-scaled.jpg","width":2560,"height":1440},{"@type":"BreadcrumbList","@id":"https:\/\/ascla-ambialet.fr\/index.php\/son-et-lumiere\/#breadcrumb","itemListElement":[{"@type":"ListItem","position":1,"name":"Accueil","item":"https:\/\/ascla-ambialet.fr\/"},{"@type":"ListItem","position":2,"name":"Son et Lumi\u00e8re"}]},{"@type":"WebSite","@id":"https:\/\/ascla-ambialet.fr\/#website","url":"https:\/\/ascla-ambialet.fr\/","name":"ASCLA","description":"","publisher":{"@id":"https:\/\/ascla-ambialet.fr\/#organization"},"potentialAction":[{"@type":"SearchAction","target":{"@type":"EntryPoint","urlTemplate":"https:\/\/ascla-ambialet.fr\/?s={search_term_string}"},"query-input":{"@type":"PropertyValueSpecification","valueRequired":true,"valueName":"search_term_string"}}],"inLanguage":"fr-FR"},{"@type":"Organization","@id":"https:\/\/ascla-ambialet.fr\/#organization","name":"ASCLA","url":"https:\/\/ascla-ambialet.fr\/","logo":{"@type":"ImageObject","inLanguage":"fr-FR","@id":"https:\/\/ascla-ambialet.fr\/#\/schema\/logo\/image\/","url":"https:\/\/ascla-ambialet.fr\/wp-content\/uploads\/2025\/05\/Design-sans-titre11.png","contentUrl":"https:\/\/ascla-ambialet.fr\/wp-content\/uploads\/2025\/05\/Design-sans-titre11.png","width":800,"height":800,"caption":"ASCLA"},"image":{"@id":"https:\/\/ascla-ambialet.fr\/#\/schema\/logo\/image\/"}}]}},"_links":{"self":[{"href":"https:\/\/ascla-ambialet.fr\/index.php\/wp-json\/wp\/v2\/pages\/86","targetHints":{"allow":["GET"]}}],"collection":[{"href":"https:\/\/ascla-ambialet.fr\/index.php\/wp-json\/wp\/v2\/pages"}],"about":[{"href":"https:\/\/ascla-ambialet.fr\/index.php\/wp-json\/wp\/v2\/types\/page"}],"author":[{"embeddable":true,"href":"https:\/\/ascla-ambialet.fr\/index.php\/wp-json\/wp\/v2\/users\/1"}],"replies":[{"embeddable":true,"href":"https:\/\/ascla-ambialet.fr\/index.php\/wp-json\/wp\/v2\/comments?post=86"}],"version-history":[{"count":23,"href":"https:\/\/ascla-ambialet.fr\/index.php\/wp-json\/wp\/v2\/pages\/86\/revisions"}],"predecessor-version":[{"id":1250,"href":"https:\/\/ascla-ambialet.fr\/index.php\/wp-json\/wp\/v2\/pages\/86\/revisions\/1250"}],"wp:attachment":[{"href":"https:\/\/ascla-ambialet.fr\/index.php\/wp-json\/wp\/v2\/media?parent=86"}],"curies":[{"name":"wp","href":"https:\/\/api.w.org\/{rel}","templated":true}]}}