{"id":87,"date":"2025-05-27T12:47:41","date_gmt":"2025-05-27T10:47:41","guid":{"rendered":"http:\/\/ascla-ambialet.fr\/?page_id=87"},"modified":"2026-03-30T21:41:03","modified_gmt":"2026-03-30T19:41:03","slug":"rencontres-musicales","status":"publish","type":"page","link":"https:\/\/ascla-ambialet.fr\/index.php\/rencontres-musicales\/","title":{"rendered":"Rencontres musicales"},"content":{"rendered":"\t\t<div data-elementor-type=\"wp-page\" data-elementor-id=\"87\" class=\"elementor elementor-87\">\n\t\t\t\t<div class=\"elementor-element elementor-element-d9843db e-flex e-con-boxed e-con e-parent\" data-id=\"d9843db\" data-element_type=\"container\">\n\t\t\t\t\t<div class=\"e-con-inner\">\n\t\t\t\t<div class=\"elementor-element elementor-element-00e7f9c elementor-widget elementor-widget-spacer\" data-id=\"00e7f9c\" data-element_type=\"widget\" data-widget_type=\"spacer.default\">\n\t\t\t\t<div class=\"elementor-widget-container\">\n\t\t\t\t\t\t\t<div class=\"elementor-spacer\">\n\t\t\t<div class=\"elementor-spacer-inner\"><\/div>\n\t\t<\/div>\n\t\t\t\t\t\t<\/div>\n\t\t\t\t<\/div>\n\t\t\t\t<div class=\"elementor-element elementor-element-ebc8cc1 elementor-widget elementor-widget-heading\" data-id=\"ebc8cc1\" data-element_type=\"widget\" data-widget_type=\"heading.default\">\n\t\t\t\t<div class=\"elementor-widget-container\">\n\t\t\t\t\t<h1 class=\"elementor-heading-title elementor-size-default\">Rencontres musicales \u00e0 Ambialet<\/h1>\t\t\t\t<\/div>\n\t\t\t\t<\/div>\n\t\t\t\t\t<\/div>\n\t\t\t\t<\/div>\n\t\t<div class=\"elementor-element elementor-element-d6832f9 e-flex e-con-boxed e-con e-parent\" data-id=\"d6832f9\" data-element_type=\"container\">\n\t\t\t\t\t<div class=\"e-con-inner\">\n\t\t<div class=\"elementor-element elementor-element-aab46e4 e-con-full e-flex e-con e-child\" data-id=\"aab46e4\" data-element_type=\"container\">\n\t\t\t\t<div class=\"elementor-element elementor-element-78baa8f elementor-widget elementor-widget-image\" data-id=\"78baa8f\" data-element_type=\"widget\" data-widget_type=\"image.default\">\n\t\t\t\t<div class=\"elementor-widget-container\">\n\t\t\t\t\t\t\t\t\t\t\t\t\t\t\t<img fetchpriority=\"high\" decoding=\"async\" width=\"249\" height=\"300\" src=\"https:\/\/ascla-ambialet.fr\/wp-content\/uploads\/2025\/11\/Eglise_du_prieure-02_dAmbialet_Tarn_Fr-249x300.jpg\" class=\"attachment-medium size-medium wp-image-1239\" alt=\"rencontres_musicales_prieur\u00e9_Ambialet\" srcset=\"https:\/\/ascla-ambialet.fr\/wp-content\/uploads\/2025\/11\/Eglise_du_prieure-02_dAmbialet_Tarn_Fr-249x300.jpg 249w, https:\/\/ascla-ambialet.fr\/wp-content\/uploads\/2025\/11\/Eglise_du_prieure-02_dAmbialet_Tarn_Fr.jpg 500w\" sizes=\"(max-width: 249px) 100vw, 249px\" \/>\t\t\t\t\t\t\t\t\t\t\t\t\t\t\t<\/div>\n\t\t\t\t<\/div>\n\t\t\t\t<\/div>\n\t\t<div class=\"elementor-element elementor-element-f1daebb e-con-full e-flex e-con e-child\" data-id=\"f1daebb\" data-element_type=\"container\">\n\t\t\t\t<div class=\"elementor-element elementor-element-130910a elementor-widget elementor-widget-text-editor\" data-id=\"130910a\" data-element_type=\"widget\" data-widget_type=\"text-editor.default\">\n\t\t\t\t<div class=\"elementor-widget-container\">\n\t\t\t\t\t\t\t\t\t<p>Parce que la musique rassemble et \u00e9meut, l\u2019ASCLA organise r\u00e9guli\u00e8rement des concerts et soir\u00e9es musicales dans des lieux charg\u00e9s d\u2019histoire, notamment le prieur\u00e9 d\u2019Ambialet, site embl\u00e9matique du Tarn. Ces rendez-vous sont l\u2019occasion de d\u00e9couvrir ou red\u00e9couvrir des artistes passionn\u00e9s, locaux ou invit\u00e9s, dans un cadre unique o\u00f9 la beaut\u00e9 du lieu sublime chaque note.<\/p><p>Au fil des ann\u00e9es, les Rencontres musicales d\u2019Ambialet sont devenues un moment attendu de la saison culturelle. Elles m\u00ealent musique classique, jazz, chant choral ou musiques du monde, toujours dans un esprit de partage et de convivialit\u00e9.<\/p>\t\t\t\t\t\t\t\t<\/div>\n\t\t\t\t<\/div>\n\t\t\t\t<\/div>\n\t\t<div class=\"elementor-element elementor-element-240be87 e-con-full e-flex e-con e-child\" data-id=\"240be87\" data-element_type=\"container\">\n\t\t\t\t<div class=\"elementor-element elementor-element-1a237d5 elementor-widget elementor-widget-text-editor\" data-id=\"1a237d5\" data-element_type=\"widget\" data-widget_type=\"text-editor.default\">\n\t\t\t\t<div class=\"elementor-widget-container\">\n\t\t\t\t\t\t\t\t\t<p>Ces concerts contribuent \u00e9galement \u00e0 la valorisation du patrimoine local : le prieur\u00e9 d\u2019Ambialet, class\u00e9 monument historique, accueille les spectateurs dans un \u00e9crin architectural exceptionnel.<\/p><p>Pour d\u00e9couvrir d\u2019autres initiatives musicales de la r\u00e9gion, consultez le site <a data-start=\"1564\" data-end=\"1610\" class=\"decorated-link\" rel=\"noopener\" target=\"_new\" href=\"https:\/\/www.tourisme-tarn.com\">Tourisme Tarn ou celui de <\/a><a data-start=\"1623\" data-end=\"1699\" rel=\"noopener\" target=\"_new\" class=\"decorated-link cursor-pointer\">Tarn Tourisme \u2013 Agenda des concerts<span aria-hidden=\"true\" class=\"ms-0.5 inline-block align-middle leading-none\"><svg width=\"20\" height=\"20\" viewbox=\"0 0 20 20\" fill=\"currentColor\" xmlns=\"http:\/\/www.w3.org\/2000\/svg\" data-rtl-flip=\"\" class=\"block h-[0.75em] w-[0.75em] stroke-current stroke-[0.75]\"><\/svg><\/span><\/a><a data-start=\"1564\" data-end=\"1610\" class=\"decorated-link\" rel=\"noopener\" target=\"_new\" href=\"https:\/\/www.tourisme-tarn.com\">.<span aria-hidden=\"true\" class=\"ms-0.5 inline-block align-middle leading-none\"><svg width=\"20\" height=\"20\" viewbox=\"0 0 20 20\" fill=\"currentColor\" xmlns=\"http:\/\/www.w3.org\/2000\/svg\" data-rtl-flip=\"\" class=\"block h-[0.75em] w-[0.75em] stroke-current stroke-[0.75]\"><\/svg><\/span><\/a><\/p>\t\t\t\t\t\t\t\t<\/div>\n\t\t\t\t<\/div>\n\t\t\t\t<\/div>\n\t\t<div class=\"elementor-element elementor-element-59b00d7 e-con-full e-flex e-con e-child\" data-id=\"59b00d7\" data-element_type=\"container\">\n\t\t\t\t<div class=\"elementor-element elementor-element-7ac13f3 elementor-widget elementor-widget-image\" data-id=\"7ac13f3\" data-element_type=\"widget\" data-widget_type=\"image.default\">\n\t\t\t\t<div class=\"elementor-widget-container\">\n\t\t\t\t\t\t\t\t\t\t\t\t\t\t\t<img decoding=\"async\" width=\"496\" height=\"279\" src=\"https:\/\/ascla-ambialet.fr\/wp-content\/uploads\/2025\/05\/image-4.png\" class=\"attachment-large size-large wp-image-155\" alt=\"Concert au prieur\u00e9 d&#039;Ambialet organis\u00e9 par l&#039;ASCLA - Rencontres musicales\" srcset=\"https:\/\/ascla-ambialet.fr\/wp-content\/uploads\/2025\/05\/image-4.png 496w, https:\/\/ascla-ambialet.fr\/wp-content\/uploads\/2025\/05\/image-4-300x169.png 300w\" sizes=\"(max-width: 496px) 100vw, 496px\" \/>\t\t\t\t\t\t\t\t\t\t\t\t\t\t\t<\/div>\n\t\t\t\t<\/div>\n\t\t\t\t<\/div>\n\t\t\t\t\t<\/div>\n\t\t\t\t<\/div>\n\t\t<div class=\"elementor-element elementor-element-9a21562 e-flex e-con-boxed e-con e-parent\" data-id=\"9a21562\" data-element_type=\"container\">\n\t\t\t\t\t<div class=\"e-con-inner\">\n\t\t\t\t<div class=\"elementor-element elementor-element-9a12d16 elementor-widget elementor-widget-heading\" data-id=\"9a12d16\" data-element_type=\"widget\" data-widget_type=\"heading.default\">\n\t\t\t\t<div class=\"elementor-widget-container\">\n\t\t\t\t\t<h2 class=\"elementor-heading-title elementor-size-default\">\u00c9dition 2026 : des concerts \u00e0 ne pas manquer <\/h2>\t\t\t\t<\/div>\n\t\t\t\t<\/div>\n\t\t\t\t\t<\/div>\n\t\t\t\t<\/div>\n\t\t<div class=\"elementor-element elementor-element-043a3d9 e-flex e-con-boxed e-con e-parent\" data-id=\"043a3d9\" data-element_type=\"container\">\n\t\t\t\t\t<div class=\"e-con-inner\">\n\t\t\t\t<div class=\"elementor-element elementor-element-7cdc16f elementor-widget elementor-widget-text-editor\" data-id=\"7cdc16f\" data-element_type=\"widget\" data-widget_type=\"text-editor.default\">\n\t\t\t\t<div class=\"elementor-widget-container\">\n\t\t\t\t\t\t\t\t\t<p style=\"text-align: center;\"><strong>En 2026, plusieurs concerts viendront rythmer la saison culturelle d\u2019Ambialet.<\/strong><\/p><p style=\"text-align: center;\"><strong>Retrouvez ci-dessous les affiches et dates des concerts \u00e0 venir.<\/strong><\/p>\t\t\t\t\t\t\t\t<\/div>\n\t\t\t\t<\/div>\n\t\t\t\t\t<\/div>\n\t\t\t\t<\/div>\n\t\t<div class=\"elementor-element elementor-element-a77b7a4 e-flex e-con-boxed e-con e-parent\" data-id=\"a77b7a4\" data-element_type=\"container\">\n\t\t\t\t\t<div class=\"e-con-inner\">\n\t\t<div class=\"elementor-element elementor-element-0fc66f1 e-con-full e-flex e-con e-child\" data-id=\"0fc66f1\" data-element_type=\"container\">\n\t\t\t\t<\/div>\n\t\t<div class=\"elementor-element elementor-element-23e75f0 e-con-full e-flex e-con e-child\" data-id=\"23e75f0\" data-element_type=\"container\">\n\t\t\t\t<\/div>\n\t\t<div class=\"elementor-element elementor-element-3e75249 e-con-full e-flex e-con e-child\" data-id=\"3e75249\" data-element_type=\"container\">\n\t\t\t\t<\/div>\n\t\t\t\t\t<\/div>\n\t\t\t\t<\/div>\n\t\t<div class=\"elementor-element elementor-element-b3bdce7 e-flex e-con-boxed e-con e-parent\" data-id=\"b3bdce7\" data-element_type=\"container\">\n\t\t\t\t\t<div class=\"e-con-inner\">\n\t\t<div class=\"elementor-element elementor-element-8e325b4 e-con-full e-flex e-con e-child\" data-id=\"8e325b4\" data-element_type=\"container\">\n\t\t\t\t<\/div>\n\t\t<div class=\"elementor-element elementor-element-151dbe6 e-con-full e-flex e-con e-child\" data-id=\"151dbe6\" data-element_type=\"container\">\n\t\t\t\t<\/div>\n\t\t\t\t\t<\/div>\n\t\t\t\t<\/div>\n\t\t\t\t<\/div>\n\t\t","protected":false},"excerpt":{"rendered":"<p>Rencontres musicales \u00e0 Ambialet Parce que la musique rassemble et \u00e9meut, l\u2019ASCLA organise r\u00e9guli\u00e8rement des concerts et soir\u00e9es musicales dans des lieux charg\u00e9s d\u2019histoire, notamment le prieur\u00e9 d\u2019Ambialet, site embl\u00e9matique du Tarn. Ces rendez-vous sont l\u2019occasion de d\u00e9couvrir ou red\u00e9couvrir des artistes passionn\u00e9s, locaux ou invit\u00e9s, dans un cadre unique [&hellip;]<\/p>\n","protected":false},"author":1,"featured_media":0,"parent":0,"menu_order":0,"comment_status":"closed","ping_status":"closed","template":"page-templates\/template-fullwidth.php","meta":{"footnotes":""},"class_list":["post-87","page","type-page","status-publish","hentry"],"yoast_head":"<!-- This site is optimized with the Yoast SEO plugin v26.1.1 - https:\/\/yoast.com\/wordpress\/plugins\/seo\/ -->\n<title>Rencontres musicales \u00e0 Ambialet \u2013 Concerts au prieur\u00e9 du Tarn<\/title>\n<meta name=\"description\" content=\"D\u00e9couvrez les Rencontres musicales \u00e0 Ambialet : concerts et soir\u00e9es au prieur\u00e9, un cadre exceptionnel pour vivre la musique au c\u0153ur du Tarn.\" \/>\n<meta name=\"robots\" content=\"index, follow, max-snippet:-1, max-image-preview:large, max-video-preview:-1\" \/>\n<link rel=\"canonical\" href=\"https:\/\/ascla-ambialet.fr\/index.php\/rencontres-musicales\/\" \/>\n<meta property=\"og:locale\" content=\"fr_FR\" \/>\n<meta property=\"og:type\" content=\"article\" \/>\n<meta property=\"og:title\" content=\"Rencontres musicales \u00e0 Ambialet \u2013 Concerts au prieur\u00e9 du Tarn\" \/>\n<meta property=\"og:description\" content=\"D\u00e9couvrez les Rencontres musicales \u00e0 Ambialet : concerts et soir\u00e9es au prieur\u00e9, un cadre exceptionnel pour vivre la musique au c\u0153ur du Tarn.\" \/>\n<meta property=\"og:url\" content=\"https:\/\/ascla-ambialet.fr\/index.php\/rencontres-musicales\/\" \/>\n<meta property=\"og:site_name\" content=\"ASCLA\" \/>\n<meta property=\"article:modified_time\" content=\"2026-03-30T19:41:03+00:00\" \/>\n<meta property=\"og:image\" content=\"https:\/\/ascla-ambialet.fr\/wp-content\/uploads\/2025\/11\/Eglise_du_prieure-02_dAmbialet_Tarn_Fr.jpg\" \/>\n\t<meta property=\"og:image:width\" content=\"500\" \/>\n\t<meta property=\"og:image:height\" content=\"602\" \/>\n\t<meta property=\"og:image:type\" content=\"image\/jpeg\" \/>\n<meta name=\"twitter:card\" content=\"summary_large_image\" \/>\n<meta name=\"twitter:label1\" content=\"Dur\u00e9e de lecture estim\u00e9e\" \/>\n\t<meta name=\"twitter:data1\" content=\"2 minutes\" \/>\n<script type=\"application\/ld+json\" class=\"yoast-schema-graph\">{\"@context\":\"https:\/\/schema.org\",\"@graph\":[{\"@type\":\"WebPage\",\"@id\":\"https:\/\/ascla-ambialet.fr\/index.php\/rencontres-musicales\/\",\"url\":\"https:\/\/ascla-ambialet.fr\/index.php\/rencontres-musicales\/\",\"name\":\"Rencontres musicales \u00e0 Ambialet \u2013 Concerts au prieur\u00e9 du Tarn\",\"isPartOf\":{\"@id\":\"https:\/\/ascla-ambialet.fr\/#website\"},\"primaryImageOfPage\":{\"@id\":\"https:\/\/ascla-ambialet.fr\/index.php\/rencontres-musicales\/#primaryimage\"},\"image\":{\"@id\":\"https:\/\/ascla-ambialet.fr\/index.php\/rencontres-musicales\/#primaryimage\"},\"thumbnailUrl\":\"https:\/\/ascla-ambialet.fr\/wp-content\/uploads\/2025\/11\/Eglise_du_prieure-02_dAmbialet_Tarn_Fr-249x300.jpg\",\"datePublished\":\"2025-05-27T10:47:41+00:00\",\"dateModified\":\"2026-03-30T19:41:03+00:00\",\"description\":\"D\u00e9couvrez les Rencontres musicales \u00e0 Ambialet : concerts et soir\u00e9es au prieur\u00e9, un cadre exceptionnel pour vivre la musique au c\u0153ur du Tarn.\",\"breadcrumb\":{\"@id\":\"https:\/\/ascla-ambialet.fr\/index.php\/rencontres-musicales\/#breadcrumb\"},\"inLanguage\":\"fr-FR\",\"potentialAction\":[{\"@type\":\"ReadAction\",\"target\":[\"https:\/\/ascla-ambialet.fr\/index.php\/rencontres-musicales\/\"]}]},{\"@type\":\"ImageObject\",\"inLanguage\":\"fr-FR\",\"@id\":\"https:\/\/ascla-ambialet.fr\/index.php\/rencontres-musicales\/#primaryimage\",\"url\":\"https:\/\/ascla-ambialet.fr\/wp-content\/uploads\/2025\/11\/Eglise_du_prieure-02_dAmbialet_Tarn_Fr.jpg\",\"contentUrl\":\"https:\/\/ascla-ambialet.fr\/wp-content\/uploads\/2025\/11\/Eglise_du_prieure-02_dAmbialet_Tarn_Fr.jpg\",\"width\":500,\"height\":602,\"caption\":\"rencontres_musicales_prieur\u00e9_Ambialet\"},{\"@type\":\"BreadcrumbList\",\"@id\":\"https:\/\/ascla-ambialet.fr\/index.php\/rencontres-musicales\/#breadcrumb\",\"itemListElement\":[{\"@type\":\"ListItem\",\"position\":1,\"name\":\"Accueil\",\"item\":\"https:\/\/ascla-ambialet.fr\/\"},{\"@type\":\"ListItem\",\"position\":2,\"name\":\"Rencontres musicales\"}]},{\"@type\":\"WebSite\",\"@id\":\"https:\/\/ascla-ambialet.fr\/#website\",\"url\":\"https:\/\/ascla-ambialet.fr\/\",\"name\":\"ASCLA\",\"description\":\"\",\"publisher\":{\"@id\":\"https:\/\/ascla-ambialet.fr\/#organization\"},\"potentialAction\":[{\"@type\":\"SearchAction\",\"target\":{\"@type\":\"EntryPoint\",\"urlTemplate\":\"https:\/\/ascla-ambialet.fr\/?s={search_term_string}\"},\"query-input\":{\"@type\":\"PropertyValueSpecification\",\"valueRequired\":true,\"valueName\":\"search_term_string\"}}],\"inLanguage\":\"fr-FR\"},{\"@type\":\"Organization\",\"@id\":\"https:\/\/ascla-ambialet.fr\/#organization\",\"name\":\"ASCLA\",\"url\":\"https:\/\/ascla-ambialet.fr\/\",\"logo\":{\"@type\":\"ImageObject\",\"inLanguage\":\"fr-FR\",\"@id\":\"https:\/\/ascla-ambialet.fr\/#\/schema\/logo\/image\/\",\"url\":\"https:\/\/ascla-ambialet.fr\/wp-content\/uploads\/2025\/05\/Design-sans-titre11.png\",\"contentUrl\":\"https:\/\/ascla-ambialet.fr\/wp-content\/uploads\/2025\/05\/Design-sans-titre11.png\",\"width\":800,\"height\":800,\"caption\":\"ASCLA\"},\"image\":{\"@id\":\"https:\/\/ascla-ambialet.fr\/#\/schema\/logo\/image\/\"}}]}<\/script>\n<!-- \/ Yoast SEO plugin. -->","yoast_head_json":{"title":"Rencontres musicales \u00e0 Ambialet \u2013 Concerts au prieur\u00e9 du Tarn","description":"D\u00e9couvrez les Rencontres musicales \u00e0 Ambialet : concerts et soir\u00e9es au prieur\u00e9, un cadre exceptionnel pour vivre la musique au c\u0153ur du Tarn.","robots":{"index":"index","follow":"follow","max-snippet":"max-snippet:-1","max-image-preview":"max-image-preview:large","max-video-preview":"max-video-preview:-1"},"canonical":"https:\/\/ascla-ambialet.fr\/index.php\/rencontres-musicales\/","og_locale":"fr_FR","og_type":"article","og_title":"Rencontres musicales \u00e0 Ambialet \u2013 Concerts au prieur\u00e9 du Tarn","og_description":"D\u00e9couvrez les Rencontres musicales \u00e0 Ambialet : concerts et soir\u00e9es au prieur\u00e9, un cadre exceptionnel pour vivre la musique au c\u0153ur du Tarn.","og_url":"https:\/\/ascla-ambialet.fr\/index.php\/rencontres-musicales\/","og_site_name":"ASCLA","article_modified_time":"2026-03-30T19:41:03+00:00","og_image":[{"width":500,"height":602,"url":"https:\/\/ascla-ambialet.fr\/wp-content\/uploads\/2025\/11\/Eglise_du_prieure-02_dAmbialet_Tarn_Fr.jpg","type":"image\/jpeg"}],"twitter_card":"summary_large_image","twitter_misc":{"Dur\u00e9e de lecture estim\u00e9e":"2 minutes"},"schema":{"@context":"https:\/\/schema.org","@graph":[{"@type":"WebPage","@id":"https:\/\/ascla-ambialet.fr\/index.php\/rencontres-musicales\/","url":"https:\/\/ascla-ambialet.fr\/index.php\/rencontres-musicales\/","name":"Rencontres musicales \u00e0 Ambialet \u2013 Concerts au prieur\u00e9 du Tarn","isPartOf":{"@id":"https:\/\/ascla-ambialet.fr\/#website"},"primaryImageOfPage":{"@id":"https:\/\/ascla-ambialet.fr\/index.php\/rencontres-musicales\/#primaryimage"},"image":{"@id":"https:\/\/ascla-ambialet.fr\/index.php\/rencontres-musicales\/#primaryimage"},"thumbnailUrl":"https:\/\/ascla-ambialet.fr\/wp-content\/uploads\/2025\/11\/Eglise_du_prieure-02_dAmbialet_Tarn_Fr-249x300.jpg","datePublished":"2025-05-27T10:47:41+00:00","dateModified":"2026-03-30T19:41:03+00:00","description":"D\u00e9couvrez les Rencontres musicales \u00e0 Ambialet : concerts et soir\u00e9es au prieur\u00e9, un cadre exceptionnel pour vivre la musique au c\u0153ur du Tarn.","breadcrumb":{"@id":"https:\/\/ascla-ambialet.fr\/index.php\/rencontres-musicales\/#breadcrumb"},"inLanguage":"fr-FR","potentialAction":[{"@type":"ReadAction","target":["https:\/\/ascla-ambialet.fr\/index.php\/rencontres-musicales\/"]}]},{"@type":"ImageObject","inLanguage":"fr-FR","@id":"https:\/\/ascla-ambialet.fr\/index.php\/rencontres-musicales\/#primaryimage","url":"https:\/\/ascla-ambialet.fr\/wp-content\/uploads\/2025\/11\/Eglise_du_prieure-02_dAmbialet_Tarn_Fr.jpg","contentUrl":"https:\/\/ascla-ambialet.fr\/wp-content\/uploads\/2025\/11\/Eglise_du_prieure-02_dAmbialet_Tarn_Fr.jpg","width":500,"height":602,"caption":"rencontres_musicales_prieur\u00e9_Ambialet"},{"@type":"BreadcrumbList","@id":"https:\/\/ascla-ambialet.fr\/index.php\/rencontres-musicales\/#breadcrumb","itemListElement":[{"@type":"ListItem","position":1,"name":"Accueil","item":"https:\/\/ascla-ambialet.fr\/"},{"@type":"ListItem","position":2,"name":"Rencontres musicales"}]},{"@type":"WebSite","@id":"https:\/\/ascla-ambialet.fr\/#website","url":"https:\/\/ascla-ambialet.fr\/","name":"ASCLA","description":"","publisher":{"@id":"https:\/\/ascla-ambialet.fr\/#organization"},"potentialAction":[{"@type":"SearchAction","target":{"@type":"EntryPoint","urlTemplate":"https:\/\/ascla-ambialet.fr\/?s={search_term_string}"},"query-input":{"@type":"PropertyValueSpecification","valueRequired":true,"valueName":"search_term_string"}}],"inLanguage":"fr-FR"},{"@type":"Organization","@id":"https:\/\/ascla-ambialet.fr\/#organization","name":"ASCLA","url":"https:\/\/ascla-ambialet.fr\/","logo":{"@type":"ImageObject","inLanguage":"fr-FR","@id":"https:\/\/ascla-ambialet.fr\/#\/schema\/logo\/image\/","url":"https:\/\/ascla-ambialet.fr\/wp-content\/uploads\/2025\/05\/Design-sans-titre11.png","contentUrl":"https:\/\/ascla-ambialet.fr\/wp-content\/uploads\/2025\/05\/Design-sans-titre11.png","width":800,"height":800,"caption":"ASCLA"},"image":{"@id":"https:\/\/ascla-ambialet.fr\/#\/schema\/logo\/image\/"}}]}},"_links":{"self":[{"href":"https:\/\/ascla-ambialet.fr\/index.php\/wp-json\/wp\/v2\/pages\/87","targetHints":{"allow":["GET"]}}],"collection":[{"href":"https:\/\/ascla-ambialet.fr\/index.php\/wp-json\/wp\/v2\/pages"}],"about":[{"href":"https:\/\/ascla-ambialet.fr\/index.php\/wp-json\/wp\/v2\/types\/page"}],"author":[{"embeddable":true,"href":"https:\/\/ascla-ambialet.fr\/index.php\/wp-json\/wp\/v2\/users\/1"}],"replies":[{"embeddable":true,"href":"https:\/\/ascla-ambialet.fr\/index.php\/wp-json\/wp\/v2\/comments?post=87"}],"version-history":[{"count":56,"href":"https:\/\/ascla-ambialet.fr\/index.php\/wp-json\/wp\/v2\/pages\/87\/revisions"}],"predecessor-version":[{"id":1330,"href":"https:\/\/ascla-ambialet.fr\/index.php\/wp-json\/wp\/v2\/pages\/87\/revisions\/1330"}],"wp:attachment":[{"href":"https:\/\/ascla-ambialet.fr\/index.php\/wp-json\/wp\/v2\/media?parent=87"}],"curies":[{"name":"wp","href":"https:\/\/api.w.org\/{rel}","templated":true}]}}